{"id":17109,"date":"2015-11-11T15:58:32","date_gmt":"2015-11-11T13:58:32","guid":{"rendered":"http:\/\/www.tineretalente.org\/?page_id=17109"},"modified":"2026-02-04T00:05:33","modified_gmt":"2026-02-03T22:05:33","slug":"stiri","status":"publish","type":"page","link":"https:\/\/www.tineretalente.org\/index.php\/stiri\/","title":{"rendered":"Stiri"},"content":{"rendered":"<div      class=\"vc_row wpb_row section vc_row-fluid\" style=' text-align:left;'><div class=\" full_section_inner clearfix\">\n\t<div class=\"vc_col-sm-12 wpb_column vc_column_container \">\n\t\t<div class=\"wpb_wrapper\">\n\t\t\t\n\t\t<\/div> \n\t<\/div> \n\n\t<div class=\"vc_col-sm-12 wpb_column vc_column_container \">\n\t\t<div class=\"wpb_wrapper\">\n\t\t\t<div class=\"separator  normal center  \" style=\"\"><\/div>\n\n\t\t<\/div> \n\t<\/div> \n<\/div><\/div><div      class=\"vc_row wpb_row section vc_row-fluid\" style=' text-align:left;'><div class=\" full_section_inner clearfix\">\n\t<div class=\"vc_col-sm-12 wpb_column vc_column_container \">\n\t\t<div class=\"wpb_wrapper\">\n\t\t\t\t<div class=\"vc_empty_space\"  style=\"height: 32px\" ><span\n\t\t\tclass=\"vc_empty_space_inner\">\n\t\t\t<span class=\"empty_space_image\"  ><\/span>\n\t\t<\/span><\/div>\n\n<div class='q_masonry_blog'><article  class='post-20012 post type-post status-publish format-standard has-post-thumbnail hentry category-noutati category-uncategorized '><div class=\"q_masonry_blog_post_image\"><a href=\"https:\/\/www.tineretalente.org\/index.php\/2026\/02\/26\/identitati-2026-debutul-artistic-al-noii-generatii-de-bursieri-ai-programului-tinere-talente\/\" target=\"_self\"><img src=\"https:\/\/www.tineretalente.org\/wp-content\/uploads\/Vizual-Identitati-2026.png\" \/><\/a><\/div><div class=\"q_masonry_blog_post_text\"><h5 class=\"q_masonry_blog_title \"><a href=\"https:\/\/www.tineretalente.org\/index.php\/2026\/02\/26\/identitati-2026-debutul-artistic-al-noii-generatii-de-bursieri-ai-programului-tinere-talente\/\">Identit\u0103\u021bi 2026: debutul artistic al noii genera\u021bii de bursieri ai programului Tinere Talente<\/a><\/h5><p class=\"q_masonry_blog_excerpt\">36 de tineri arti\u0219ti vizuali \u0219i muzicieni, sus\u021binu\u021bi de c\u0103tre Funda\u021bia Regal\u0103 Margareta a Rom\u00e2niei, se prezint\u0103 publicului pe 2 martie, la Elite Art Gallery, Bucure\u0219ti \u00a0 Funda\u021bia Regal\u0103 Margareta a Rom\u00e2niei anun\u021b\u0103 Identit\u0103\u021bi, evenimentul care marcheaz\u0103 debutul public al genera\u021biei 2026 a programului na\u021bional......<\/p><div class=\"q_masonry_blog_post_info\"><span class=\"time\">26 February, 2026<\/span> \/ <a class=\"post_comments\" href=\"https:\/\/www.tineretalente.org\/index.php\/2026\/02\/26\/identitati-2026-debutul-artistic-al-noii-generatii-de-bursieri-ai-programului-tinere-talente\/#respond\">No comment<\/a><\/div><\/div><\/article><article  class='post-19969 post type-post status-publish format-standard has-post-thumbnail hentry category-noutati '><div class=\"q_masonry_blog_post_image\"><a href=\"https:\/\/www.tineretalente.org\/index.php\/2026\/02\/02\/fundatia-regala-margareta-a-romaniei-anunta-numele-celor-36-de-tineri-selectati-pentru-a-face-parte-din-a-18-a-generatie-de-bursieri-ai-programului-national-tinere-talente\/\" target=\"_self\"><img src=\"https:\/\/www.tineretalente.org\/wp-content\/uploads\/Jurizare-categoria-arte-vizuale_3_foto-FRMR.jpeg\" \/><\/a><\/div><div class=\"q_masonry_blog_post_text\"><h5 class=\"q_masonry_blog_title \"><a href=\"https:\/\/www.tineretalente.org\/index.php\/2026\/02\/02\/fundatia-regala-margareta-a-romaniei-anunta-numele-celor-36-de-tineri-selectati-pentru-a-face-parte-din-a-18-a-generatie-de-bursieri-ai-programului-national-tinere-talente\/\">Funda\u021bia Regal\u0103 Margareta a Rom\u00e2niei anun\u021b\u0103 numele celor 36 de tineri selecta\u021bi pentru a face parte din a 18-a genera\u021bie de bursieri ai programului na\u021bional Tinere Talente<\/a><\/h5><p class=\"q_masonry_blog_excerpt\">Funda\u021bia Regal\u0103 Margareta a Rom\u00e2niei anun\u021b\u0103 cei 36 de tineri arti\u0219ti din Rom\u00e2nia \u0219i Republica Moldova care vor beneficia de burse \u00een cadrul edi\u021biei a 18-a a programului na\u021bional Tinere Talente, una dintre cele mai solide investi\u021bii pe termen lung \u00een noua genera\u021bie de arti\u0219ti.......<\/p><div class=\"q_masonry_blog_post_info\"><span class=\"time\">02 February, 2026<\/span> \/ <a class=\"post_comments\" href=\"https:\/\/www.tineretalente.org\/index.php\/2026\/02\/02\/fundatia-regala-margareta-a-romaniei-anunta-numele-celor-36-de-tineri-selectati-pentru-a-face-parte-din-a-18-a-generatie-de-bursieri-ai-programului-national-tinere-talente\/#respond\">No comment<\/a><\/div><\/div><\/article><article  class='post-19783 post type-post status-publish format-standard has-post-thumbnail hentry category-noutati '><div class=\"q_masonry_blog_post_image\"><a href=\"https:\/\/www.tineretalente.org\/index.php\/2025\/02\/20\/identitati-debutul-unei-noi-generatii-de-artisti-si-muzicieni-talentati-sustinuti-prin-programul-tinere-talente\/\" target=\"_self\"><img src=\"https:\/\/www.tineretalente.org\/wp-content\/uploads\/Cover-event-FB.png\" \/><\/a><\/div><div class=\"q_masonry_blog_post_text\"><h5 class=\"q_masonry_blog_title \"><a href=\"https:\/\/www.tineretalente.org\/index.php\/2025\/02\/20\/identitati-debutul-unei-noi-generatii-de-artisti-si-muzicieni-talentati-sustinuti-prin-programul-tinere-talente\/\">Identit\u0103\u021bi, debutul unei noi genera\u021bii de arti\u0219ti \u0219i muzicieni talenta\u021bi sus\u021binu\u021bi prin programul Tinere Talente<\/a><\/h5><p class=\"q_masonry_blog_excerpt\">20 februarie 2025\u00a0\u00a0\u00a0\u00a0Funda\u021bia Regal\u0103 Margareta a Rom\u00e2niei marcheaz\u0103 debutul unei noi genera\u021bii de arti\u0219ti \u0219i muzicieni talenta\u021bi prin evenimentul\u00a0Identit\u0103\u021bi,\u00a0o expozi\u021bie de arte vizuale \u0219i un recital de muzic\u0103 clasic\u0103, care vor avea loc pe 24 februarie 2025, \u00een cadrul Elite Art Gallery din Bucure\u0219ti. Acest......<\/p><div class=\"q_masonry_blog_post_info\"><span class=\"time\">20 February, 2025<\/span> \/ <a class=\"post_comments\" href=\"https:\/\/www.tineretalente.org\/index.php\/2025\/02\/20\/identitati-debutul-unei-noi-generatii-de-artisti-si-muzicieni-talentati-sustinuti-prin-programul-tinere-talente\/#respond\">No comment<\/a><\/div><\/div><\/article><article  class='post-19769 post type-post status-publish format-standard has-post-thumbnail hentry category-noutati '><div class=\"q_masonry_blog_post_image\"><a href=\"https:\/\/www.tineretalente.org\/index.php\/2025\/01\/23\/fundatia-regala-margareta-a-romaniei-anunta-numele-celor-30-de-tineri-selectati-pentru-a-face-parte-din-a-17-a-generatie-de-bursieri-ai-programului-national-tinere-talente\/\" target=\"_self\"><img src=\"https:\/\/www.tineretalente.org\/wp-content\/uploads\/TT-Selectie-bursieri-arte-vizuale-2024-2025-109.jpg\" \/><\/a><\/div><div class=\"q_masonry_blog_post_text\"><h5 class=\"q_masonry_blog_title \"><a href=\"https:\/\/www.tineretalente.org\/index.php\/2025\/01\/23\/fundatia-regala-margareta-a-romaniei-anunta-numele-celor-30-de-tineri-selectati-pentru-a-face-parte-din-a-17-a-generatie-de-bursieri-ai-programului-national-tinere-talente\/\">Funda\u021bia Regal\u0103 Margareta a Rom\u00e2niei anun\u021b\u0103 numele celor 30 de tineri selecta\u021bi pentru a face parte din a 17-a genera\u021bie de bursieri ai programului na\u021bional Tinere Talente<\/a><\/h5><p class=\"q_masonry_blog_excerpt\">Funda\u021bia Regal\u0103 Margareta a Rom\u00e2niei anun\u021b\u0103 numele celor\u00a030 de bursieri selecta\u021bi pentru a face parte din a 17-a edi\u021bie a programului na\u021bional Tinere Talente. Arti\u0219tii vor fi sus\u021binu\u021bi pentru dezvoltarea carierelor artistice \u00een domeniile muzicii \u0219i artelor vizuale, oferindu-le posibilitatea de a explora \u0219i a-\u0219i......<\/p><div class=\"q_masonry_blog_post_info\"><span class=\"time\">23 January, 2025<\/span> \/ <a class=\"post_comments\" href=\"https:\/\/www.tineretalente.org\/index.php\/2025\/01\/23\/fundatia-regala-margareta-a-romaniei-anunta-numele-celor-30-de-tineri-selectati-pentru-a-face-parte-din-a-17-a-generatie-de-bursieri-ai-programului-national-tinere-talente\/#respond\">No comment<\/a><\/div><\/div><\/article><article  class='post-19764 post type-post status-publish format-standard has-post-thumbnail hentry category-noutati '><div class=\"q_masonry_blog_post_image\"><a href=\"https:\/\/www.tineretalente.org\/index.php\/2024\/11\/26\/gala-tinere-talente-a-pus-in-lumina-reflectoarelor-noua-generatie-de-artisti\/\" target=\"_self\"><img src=\"https:\/\/www.tineretalente.org\/wp-content\/uploads\/Bursierii-generatiei-2024_Gala-Tinere-Talente_foto-Anca-Arambasa.jpg\" \/><\/a><\/div><div class=\"q_masonry_blog_post_text\"><h5 class=\"q_masonry_blog_title \"><a href=\"https:\/\/www.tineretalente.org\/index.php\/2024\/11\/26\/gala-tinere-talente-a-pus-in-lumina-reflectoarelor-noua-generatie-de-artisti\/\">Gala Tinere Talente a pus \u00een lumina reflectoarelor noua genera\u021bie de arti\u0219ti<\/a><\/h5><p class=\"q_masonry_blog_excerpt\">26 noiembrie 2024\u00a0\u00a0\u00a0 Edi\u021bia 2024 a Galei Tinere Talente, organizat\u0103 de Funda\u021bia Regal\u0103 Margareta a Rom\u00e2niei, a avut loc asear\u0103 la Teatrul Na\u021bional \u201dI. L. Caragiale\u201d Bucure\u0219ti (TNB), \u00een prezen\u021ba Alte\u021bei Sale Regale Principesa Sofia. Realiz\u0103rile artistice ale unora dintre cei mai talenta\u021bi tineri din......<\/p><div class=\"q_masonry_blog_post_info\"><span class=\"time\">26 November, 2024<\/span> \/ <a class=\"post_comments\" href=\"https:\/\/www.tineretalente.org\/index.php\/2024\/11\/26\/gala-tinere-talente-a-pus-in-lumina-reflectoarelor-noua-generatie-de-artisti\/#respond\">No comment<\/a><\/div><\/div><\/article><article  class='post-19750 post type-post status-publish format-standard has-post-thumbnail hentry category-noutati '><div class=\"q_masonry_blog_post_image\"><a href=\"https:\/\/www.tineretalente.org\/index.php\/2024\/10\/10\/lansam-selectia-nationala-pentru-bursele-tinere-talente-editia-2025\/\" target=\"_self\"><img src=\"https:\/\/www.tineretalente.org\/wp-content\/uploads\/Selectie-TT-2025-1920x1080-1.png\" \/><\/a><\/div><div class=\"q_masonry_blog_post_text\"><h5 class=\"q_masonry_blog_title \"><a href=\"https:\/\/www.tineretalente.org\/index.php\/2024\/10\/10\/lansam-selectia-nationala-pentru-bursele-tinere-talente-editia-2025\/\">Lans\u0103m selec\u021bia na\u021bional\u0103 pentru bursele Tinere Talente, edi\u021bia 2025<\/a><\/h5><p class=\"q_masonry_blog_excerpt\">Funda\u021bia Regal\u0103 Margareta a Rom\u00e2niei\u00a0lanseaz\u0103 selec\u021bia na\u021bional\u0103 pentru programul de burse\u00a0Tinere Talente 2025. Candida\u021bii pentru\u00a0bursele\u00a0Tinere Talente\u00a0trebuie s\u0103 \u00eendeplineasc\u0103 urm\u0103toarele\u00a0criterii de eligibilitate: s\u0103 aib\u0103 v\u00e2rsta cuprins\u0103 \u00eentre 14 \u0219i 24 de ani s\u0103 studieze la liceele sau universit\u0103\u021bile de art\u0103 vizual\u0103 \u0219i muzic\u0103 din Rom\u00e2nia s\u0103......<\/p><div class=\"q_masonry_blog_post_info\"><span class=\"time\">10 October, 2024<\/span> \/ <a class=\"post_comments\" href=\"https:\/\/www.tineretalente.org\/index.php\/2024\/10\/10\/lansam-selectia-nationala-pentru-bursele-tinere-talente-editia-2025\/#respond\">No comment<\/a><\/div><\/div><\/article><article  class='post-19694 post type-post status-publish format-standard has-post-thumbnail hentry category-noutati '><div class=\"q_masonry_blog_post_image\"><a href=\"https:\/\/www.tineretalente.org\/index.php\/2024\/04\/23\/jurnal-de-viata-expozitia-care-uneste-generatii-24-aprilie-23-mai-2024\/\" target=\"_self\"><img src=\"https:\/\/www.tineretalente.org\/wp-content\/uploads\/Invitatie-expozitie-Jurnal-de-viata-a-bursierilor-Tinere-Talente-2024.jpg\" \/><\/a><\/div><div class=\"q_masonry_blog_post_text\"><h5 class=\"q_masonry_blog_title \"><a href=\"https:\/\/www.tineretalente.org\/index.php\/2024\/04\/23\/jurnal-de-viata-expozitia-care-uneste-generatii-24-aprilie-23-mai-2024\/\">Jurnal de via\u021b\u0103, expozi\u021bia care une\u0219te genera\u021bii | 24 aprilie \u2013 23 mai 2024<\/a><\/h5><p class=\"q_masonry_blog_excerpt\">Funda\u021bia Regal\u0103 Margareta a Rom\u00e2niei prezint\u0103 publicului iubitor de art\u0103 expozi\u021bia Jurnal de Via\u021b\u0103, o c\u0103l\u0103torie artistic\u0103 intergenera\u021bional\u0103 care exploreaz\u0103 timpul \u0219i memoria prin ochii bursierilor programului na\u021bional Tinere Talente 2024. Expozi\u021bia este deschis\u0103 \u00eentre 24 aprilie \u0219i 23 mai 2024, la Muzeul Municipiului Bucure\u0219ti......<\/p><div class=\"q_masonry_blog_post_info\"><span class=\"time\">23 April, 2024<\/span> \/ <a class=\"post_comments\" href=\"https:\/\/www.tineretalente.org\/index.php\/2024\/04\/23\/jurnal-de-viata-expozitia-care-uneste-generatii-24-aprilie-23-mai-2024\/#respond\">No comment<\/a><\/div><\/div><\/article><article  class='post-19691 post type-post status-publish format-standard has-post-thumbnail hentry category-noutati '><div class=\"q_masonry_blog_post_image\"><a href=\"https:\/\/www.tineretalente.org\/index.php\/2024\/02\/22\/identitati-debutul-unei-noi-generatii-de-bursieri-pentru-arte-vizuale-si-muzica-clasica-ai-programului-national-tinere-talente\/\" target=\"_self\"><img src=\"https:\/\/www.tineretalente.org\/wp-content\/uploads\/Invitatie-evenimente-Identitati_Tinere-Talente-2024.png\" \/><\/a><\/div><div class=\"q_masonry_blog_post_text\"><h5 class=\"q_masonry_blog_title \"><a href=\"https:\/\/www.tineretalente.org\/index.php\/2024\/02\/22\/identitati-debutul-unei-noi-generatii-de-bursieri-pentru-arte-vizuale-si-muzica-clasica-ai-programului-national-tinere-talente\/\">Identit\u0103\u021bi, debutul unei noi genera\u021bii de bursieri pentru arte vizuale \u0219i muzica clasic\u0103 ai programului na\u021bional Tinere Talente<\/a><\/h5><p class=\"q_masonry_blog_excerpt\">\u00centr-o lume tulburat\u0103 de provoc\u0103ri sociale \u0219i economice, locale \u0219i globale, arta \u0219i muzica ofer\u0103 un refugiu de frumuse\u021be, inspira\u021bie \u0219i de energie spiritual\u0103. Funda\u021bia Regal\u0103 Margareta a Rom\u00e2niei celebreaz\u0103 debutul unei noi genera\u021bii de bursieri sus\u021binu\u021bi prin programul Tinere Talente, invit\u00e2nd publicul la evenimentului......<\/p><div class=\"q_masonry_blog_post_info\"><span class=\"time\">22 February, 2024<\/span> \/ <a class=\"post_comments\" href=\"https:\/\/www.tineretalente.org\/index.php\/2024\/02\/22\/identitati-debutul-unei-noi-generatii-de-bursieri-pentru-arte-vizuale-si-muzica-clasica-ai-programului-national-tinere-talente\/#respond\">No comment<\/a><\/div><\/div><\/article><article  class='post-19580 post type-post status-publish format-standard has-post-thumbnail hentry category-noutati '><div class=\"q_masonry_blog_post_image\"><a href=\"https:\/\/www.tineretalente.org\/index.php\/2024\/02\/08\/30-de-tineri-artisti-selectati-pentru-a-primi-bursa-tinere-talente-oferita-de-fundatia-regala-margareta-a-romaniei\/\" target=\"_self\"><img src=\"https:\/\/www.tineretalente.org\/wp-content\/uploads\/Juriu-la-categoria-Arte-vizuale_foto-Anca-Arambasa.jpg\" \/><\/a><\/div><div class=\"q_masonry_blog_post_text\"><h5 class=\"q_masonry_blog_title \"><a href=\"https:\/\/www.tineretalente.org\/index.php\/2024\/02\/08\/30-de-tineri-artisti-selectati-pentru-a-primi-bursa-tinere-talente-oferita-de-fundatia-regala-margareta-a-romaniei\/\">30 de tineri arti\u0219ti selecta\u021bi pentru a primi bursa Tinere Talente oferit\u0103 de Funda\u021bia Regal\u0103 Margareta a Rom\u00e2niei<\/a><\/h5><p class=\"q_masonry_blog_excerpt\">Funda\u021bia Regal\u0103 Margareta a Rom\u00e2niei anun\u021b\u0103 numele celor 30 de bursieri selecta\u021bi pentru a face parte din a 16-a edi\u021bie a programului na\u021bional Tinere Talente. \u00a0Arti\u0219tii vor fi sus\u021binu\u021bi pentru dezvoltarea carierelor artistice \u00een domeniile muzicii \u0219i artelor vizuale, oferindu-le o platform\u0103 solid\u0103 pentru a......<\/p><div class=\"q_masonry_blog_post_info\"><span class=\"time\">08 February, 2024<\/span> \/ <a class=\"post_comments\" href=\"https:\/\/www.tineretalente.org\/index.php\/2024\/02\/08\/30-de-tineri-artisti-selectati-pentru-a-primi-bursa-tinere-talente-oferita-de-fundatia-regala-margareta-a-romaniei\/#respond\">No comment<\/a><\/div><\/div><\/article><article  class='post-19574 post type-post status-publish format-standard has-post-thumbnail hentry category-noutati '><div class=\"q_masonry_blog_post_image\"><a href=\"https:\/\/www.tineretalente.org\/index.php\/2024\/02\/08\/fundatia-regala-margareta-a-romaniei-anunta-numele-celor-30-de-bursieri-selectati-pentru-a-face-parte-din-a-16-a-editie-a-programului-national-tinere-talente\/\" target=\"_self\"><img src=\"https:\/\/www.tineretalente.org\/wp-content\/uploads\/Juriu-categ-Muzica-si-tineri-talentati_Foto-Anca-Arambasa-scaled.jpg\" \/><\/a><\/div><div class=\"q_masonry_blog_post_text\"><h5 class=\"q_masonry_blog_title \"><a href=\"https:\/\/www.tineretalente.org\/index.php\/2024\/02\/08\/fundatia-regala-margareta-a-romaniei-anunta-numele-celor-30-de-bursieri-selectati-pentru-a-face-parte-din-a-16-a-editie-a-programului-national-tinere-talente\/\">funda\u021bia regal\u0103 margareta a rom\u00e2niei anun\u021b\u0103 numele celor 30 de bursieri selecta\u021bi pentru a face parte din a 16-a edi\u021bie a programului na\u021bional tinere talente<\/a><\/h5><p class=\"q_masonry_blog_excerpt\">Depunerea dosarelor de candidatur\u0103 a avut loc \u00een luna noiembrie 2023. Procesul de selec\u021bie a debutat cu analiza dosarelor din punct de vedere social, a continuat cu evaluarea, din punct de vedere artistic, de c\u0103tre juriul format din speciali\u0219ti \u0219i a fost finalizat cu anchete......<\/p><div class=\"q_masonry_blog_post_info\"><span class=\"time\">08 February, 2024<\/span> \/ <a class=\"post_comments\" href=\"https:\/\/www.tineretalente.org\/index.php\/2024\/02\/08\/fundatia-regala-margareta-a-romaniei-anunta-numele-celor-30-de-bursieri-selectati-pentru-a-face-parte-din-a-16-a-editie-a-programului-national-tinere-talente\/#respond\">No comment<\/a><\/div><\/div><\/article><article  class='post-19570 post type-post status-publish format-standard has-post-thumbnail hentry category-noutati '><div class=\"q_masonry_blog_post_image\"><a href=\"https:\/\/www.tineretalente.org\/index.php\/2023\/11\/21\/gala-tinere-talente-muzica-de-film-in-interpretarea-bursierilor-muzicieni-ai-programului-tinere-talente-editia-2023\/\" target=\"_self\"><img src=\"https:\/\/www.tineretalente.org\/wp-content\/uploads\/Concert-bursieri-muzicieni_foto-Anca-Arambasa_2.jpg\" \/><\/a><\/div><div class=\"q_masonry_blog_post_text\"><h5 class=\"q_masonry_blog_title \"><a href=\"https:\/\/www.tineretalente.org\/index.php\/2023\/11\/21\/gala-tinere-talente-muzica-de-film-in-interpretarea-bursierilor-muzicieni-ai-programului-tinere-talente-editia-2023\/\">Gala Tinere Talente: muzic\u0103 de film \u00een interpretarea bursierilor muzicieni ai programului Tinere Talente, edi\u021bia 2023<\/a><\/h5><p class=\"q_masonry_blog_excerpt\">Gala Tinere Talente, organizat\u0103 de Funda\u021bia Regal\u0103 Margareta a Rom\u00e2niei, a avut loc pe 20 noiembrie la Teatrul Na\u021bional \u201dI. L. Caragiale\u201d Bucure\u0219ti (TNB), \u00een prezen\u021ba Alte\u021bei Sale Regale Principesa Sofia. Prin acest eveniment au fost celebrate realiz\u0103rile artistice ale unora dintre cei mai talenta\u021bi......<\/p><div class=\"q_masonry_blog_post_info\"><span class=\"time\">21 November, 2023<\/span> \/ <a class=\"post_comments\" href=\"https:\/\/www.tineretalente.org\/index.php\/2023\/11\/21\/gala-tinere-talente-muzica-de-film-in-interpretarea-bursierilor-muzicieni-ai-programului-tinere-talente-editia-2023\/#respond\">No comment<\/a><\/div><\/div><\/article><article  class='post-19565 post type-post status-publish format-standard has-post-thumbnail hentry category-noutati '><div class=\"q_masonry_blog_post_image\"><a href=\"https:\/\/www.tineretalente.org\/index.php\/2023\/11\/16\/expozitia-tinere-talente-la-tnb-o-colectie-de-lucrari-realizate-de-bursierii-fundatiei-regale-margareta-a-romaniei-editia-2023\/\" target=\"_self\"><img src=\"https:\/\/www.tineretalente.org\/wp-content\/uploads\/Foto-Anca-Arambasa-90.jpg\" \/><\/a><\/div><div class=\"q_masonry_blog_post_text\"><h5 class=\"q_masonry_blog_title \"><a href=\"https:\/\/www.tineretalente.org\/index.php\/2023\/11\/16\/expozitia-tinere-talente-la-tnb-o-colectie-de-lucrari-realizate-de-bursierii-fundatiei-regale-margareta-a-romaniei-editia-2023\/\">Expozi\u021bia Tinere Talente la TNB &#8211; o colec\u021bie de lucr\u0103ri realizate de bursierii Funda\u021biei Regale Margareta a Rom\u00e2niei, edi\u021bia 2023<\/a><\/h5><p class=\"q_masonry_blog_excerpt\">A 15-a genera\u021bie de tineri arti\u0219ti talenta\u021bi rom\u00e2ni marcheaz\u0103 finalizarea anului de burs\u0103 printr-o colec\u021bie de lucr\u0103ri de art\u0103 vizual\u0103 expuse la Teatrul Na\u021bional \u201eI.L. Caragiale\u201d din Bucure\u0219ti (TNB), \u00een perioada 18 noiembrie &#8211; 18 decembrie 2023. Anul acesta, 30 de tineri talenta\u021bi, 15 muzicieni......<\/p><div class=\"q_masonry_blog_post_info\"><span class=\"time\">16 November, 2023<\/span> \/ <a class=\"post_comments\" href=\"https:\/\/www.tineretalente.org\/index.php\/2023\/11\/16\/expozitia-tinere-talente-la-tnb-o-colectie-de-lucrari-realizate-de-bursierii-fundatiei-regale-margareta-a-romaniei-editia-2023\/#respond\">No comment<\/a><\/div><\/div><\/article><article  class='post-19543 post type-post status-publish format-standard has-post-thumbnail hentry category-noutati '><div class=\"q_masonry_blog_post_image\"><a href=\"https:\/\/www.tineretalente.org\/index.php\/2023\/10\/30\/lansam-selectia-nationala-pentru-bursele-tinere-talente-editia-2024\/\" target=\"_self\"><img src=\"https:\/\/www.tineretalente.org\/wp-content\/uploads\/Vizual-Selectie-TT2024_cu-sponsori_1920x1080.png\" \/><\/a><\/div><div class=\"q_masonry_blog_post_text\"><h5 class=\"q_masonry_blog_title \"><a href=\"https:\/\/www.tineretalente.org\/index.php\/2023\/10\/30\/lansam-selectia-nationala-pentru-bursele-tinere-talente-editia-2024\/\">Lans\u0103m selec\u021bia na\u021bional\u0103 pentru bursele TINERE TALENTE, edi\u021bia 2024<\/a><\/h5><p class=\"q_masonry_blog_excerpt\">Funda\u021bia Regal\u0103 Margareta a Rom\u00e2niei lanseaz\u0103 selec\u021bia na\u021bional\u0103 pentru programul de burse Tinere Talente 2024. Candida\u021bii pentru bursele Tinere Talente trebuie s\u0103 \u00eendeplineasc\u0103 urm\u0103toarele criterii de eligibilitate: s\u0103 aib\u0103 v\u00e2rsta cuprins\u0103 \u00eentre 14 \u0219i 24 de ani s\u0103 studieze la liceele sau universit\u0103\u021bile de art\u0103......<\/p><div class=\"q_masonry_blog_post_info\"><span class=\"time\">30 October, 2023<\/span> \/ <a class=\"post_comments\" href=\"https:\/\/www.tineretalente.org\/index.php\/2023\/10\/30\/lansam-selectia-nationala-pentru-bursele-tinere-talente-editia-2024\/#respond\">No comment<\/a><\/div><\/div><\/article><article  class='post-19524 post type-post status-publish format-standard has-post-thumbnail hentry category-noutati '><div class=\"q_masonry_blog_post_image\"><a href=\"https:\/\/www.tineretalente.org\/index.php\/2023\/10\/16\/concert-regal-caritabil-pe-scena-ateneului-roman-pe-25-octombrie-in-sprijinul-tinerilor-talentati-ai-romaniei\/\" target=\"_self\"><img src=\"https:\/\/www.tineretalente.org\/wp-content\/uploads\/Cartoane-Concert-Regal-2.png\" \/><\/a><\/div><div class=\"q_masonry_blog_post_text\"><h5 class=\"q_masonry_blog_title \"><a href=\"https:\/\/www.tineretalente.org\/index.php\/2023\/10\/16\/concert-regal-caritabil-pe-scena-ateneului-roman-pe-25-octombrie-in-sprijinul-tinerilor-talentati-ai-romaniei\/\">Concert Regal caritabil pe scena Ateneului Rom\u00e2n, pe 25 octombrie, \u00een sprijinul tinerilor talenta\u021bi ai Rom\u00e2niei<\/a><\/h5><p class=\"q_masonry_blog_excerpt\">Muzicieni de excep\u021bie vor c\u00e2nta pe 25 octombrie, la Ateneul Rom\u00e2n, pentru a sprijini noua genera\u021bie de tineri talenta\u021bi ai Rom\u00e2niei. Concertul Regal Caritabil, organizat de Funda\u021bia Regal\u0103 Margareta a Rom\u00e2niei, aduce pe scena Ateneului Rom\u00e2n nume importante ale scenelor lirice europene &#8211; tenorul Ioan......<\/p><div class=\"q_masonry_blog_post_info\"><span class=\"time\">16 October, 2023<\/span> \/ <a class=\"post_comments\" href=\"https:\/\/www.tineretalente.org\/index.php\/2023\/10\/16\/concert-regal-caritabil-pe-scena-ateneului-roman-pe-25-octombrie-in-sprijinul-tinerilor-talentati-ai-romaniei\/#respond\">No comment<\/a><\/div><\/div><\/article><article  class='post-19501 post type-post status-publish format-standard has-post-thumbnail hentry category-noutati '><div class=\"q_masonry_blog_post_image\"><a href=\"https:\/\/www.tineretalente.org\/index.php\/2023\/08\/22\/muzicieni-de-exceptie-pe-scena-ateneului-roman-la-concertul-regal-caritabil-din-25-octombrie\/\" target=\"_self\"><img src=\"https:\/\/www.tineretalente.org\/wp-content\/uploads\/banner_1920-1080-logo.png\" \/><\/a><\/div><div class=\"q_masonry_blog_post_text\"><h5 class=\"q_masonry_blog_title \"><a href=\"https:\/\/www.tineretalente.org\/index.php\/2023\/08\/22\/muzicieni-de-exceptie-pe-scena-ateneului-roman-la-concertul-regal-caritabil-din-25-octombrie\/\">Muzicieni de excep\u021bie pe scena Ateneului Rom\u00e2n, la Concertul Regal caritabil din 25 octombrie<\/a><\/h5><p class=\"q_masonry_blog_excerpt\">Concertul Regal organizat de Funda\u021bia Regal\u0103 Margareta a Rom\u00e2niei, unul dintre cele mai longevive \u0219i de succes eveniment de str\u00e2ngere de fonduri din Rom\u00e2nia, revine la Ateneul Rom\u00e2n, pe 25 octombrie, cu edi\u021bia a 14-a. \u00a0 Aceast\u0103 impresionant\u0103 sear\u0103 muzical\u0103 cu scop caritabil reune\u0219te muzicieni......<\/p><div class=\"q_masonry_blog_post_info\"><span class=\"time\">22 August, 2023<\/span> \/ <a class=\"post_comments\" href=\"https:\/\/www.tineretalente.org\/index.php\/2023\/08\/22\/muzicieni-de-exceptie-pe-scena-ateneului-roman-la-concertul-regal-caritabil-din-25-octombrie\/#respond\">No comment<\/a><\/div><\/div><\/article><article  class='post-19491 post type-post status-publish format-standard has-post-thumbnail hentry category-noutati '><div class=\"q_masonry_blog_post_image\"><a href=\"https:\/\/www.tineretalente.org\/index.php\/2023\/05\/09\/arta-muzicii-de-camera-si-dezvoltarea-talentelor-muzicale\/\" target=\"_self\"><img src=\"https:\/\/www.tineretalente.org\/wp-content\/uploads\/Cover-Recital-TT-Ateneu_14-mai.png\" \/><\/a><\/div><div class=\"q_masonry_blog_post_text\"><h5 class=\"q_masonry_blog_title \"><a href=\"https:\/\/www.tineretalente.org\/index.php\/2023\/05\/09\/arta-muzicii-de-camera-si-dezvoltarea-talentelor-muzicale\/\">Arta muzicii de camer\u0103 \u0219i dezvoltarea talentelor muzicale<\/a><\/h5><p class=\"q_masonry_blog_excerpt\">Masterclass sus\u021binut de prof. univ. dr. Verona Maier \u0219i Recital la Ateneul Rom\u00e2n al tinerilor muzicieni bursieri Tinere Talente \u00cen perioada 12-14 mai 2023, Funda\u021bia Regal\u0103 Margareta a Rom\u00e2niei, \u00een parteneriat cu Universitatea Na\u021bional\u0103 de Muzic\u0103 din Bucure\u0219ti, organizeaz\u0103 primul masterclass de muzic\u0103 de camer\u0103......<\/p><div class=\"q_masonry_blog_post_info\"><span class=\"time\">09 May, 2023<\/span> \/ <a class=\"post_comments\" href=\"https:\/\/www.tineretalente.org\/index.php\/2023\/05\/09\/arta-muzicii-de-camera-si-dezvoltarea-talentelor-muzicale\/#respond\">No comment<\/a><\/div><\/div><\/article><article  class='post-19415 post type-post status-publish format-standard has-post-thumbnail hentry category-noutati '><div class=\"q_masonry_blog_post_image\"><a href=\"https:\/\/www.tineretalente.org\/index.php\/2023\/03\/03\/identitati-prima-expozitie-de-arte-vizuale-si-recital-de-muzica-clasica-oferite-de-noua-generatie-de-muzicieni-si-artisti-vizuali-tinere-talente\/\" target=\"_self\"><img src=\"https:\/\/www.tineretalente.org\/wp-content\/uploads\/Identitati-Expozitie_FB-COVER.png\" \/><\/a><\/div><div class=\"q_masonry_blog_post_text\"><h5 class=\"q_masonry_blog_title \"><a href=\"https:\/\/www.tineretalente.org\/index.php\/2023\/03\/03\/identitati-prima-expozitie-de-arte-vizuale-si-recital-de-muzica-clasica-oferite-de-noua-generatie-de-muzicieni-si-artisti-vizuali-tinere-talente\/\">Identit\u0103\u021bi \u2013 prima expozi\u021bie de arte vizuale \u0219i recital de muzic\u0103 clasic\u0103 oferite de noua genera\u021bie de muzicieni \u0219i arti\u0219ti vizuali Tinere Talente<\/a><\/h5><p class=\"q_masonry_blog_excerpt\">Rom\u00e2nia are nevoie de art\u0103! Publicul iubitor de art\u0103 \u0219i frumos este invitat la evenimentul de debut al noii genera\u021bii de bursieri ai proiectului Tinere Talente \u2013 expozi\u021bie \u0219i recital \u201dIdentit\u0103\u021bi\u201d. Identit\u0103\u021bi, eveniment organizat de 10 ani de Funda\u021bia Regal\u0103 Margareta a Rom\u00e2niei, \u00eembin\u0103 arta......<\/p><div class=\"q_masonry_blog_post_info\"><span class=\"time\">03 March, 2023<\/span> \/ <a class=\"post_comments\" href=\"https:\/\/www.tineretalente.org\/index.php\/2023\/03\/03\/identitati-prima-expozitie-de-arte-vizuale-si-recital-de-muzica-clasica-oferite-de-noua-generatie-de-muzicieni-si-artisti-vizuali-tinere-talente\/#respond\">No comment<\/a><\/div><\/div><\/article><article  class='post-19409 post type-post status-publish format-standard has-post-thumbnail hentry category-noutati '><div class=\"q_masonry_blog_post_image\"><a href=\"https:\/\/www.tineretalente.org\/index.php\/2023\/02\/08\/o-noua-generatie-de-30-de-muzicieni-si-artisti-vizuali-sprijiniti-in-dezvoltarea-carierei-artistice-prin-programul-tinere-talente-2023\/\" target=\"_self\"><img src=\"https:\/\/www.tineretalente.org\/wp-content\/uploads\/1.-Categoria-Muzica_selectie-TT-2023.jpg\" \/><\/a><\/div><div class=\"q_masonry_blog_post_text\"><h5 class=\"q_masonry_blog_title \"><a href=\"https:\/\/www.tineretalente.org\/index.php\/2023\/02\/08\/o-noua-generatie-de-30-de-muzicieni-si-artisti-vizuali-sprijiniti-in-dezvoltarea-carierei-artistice-prin-programul-tinere-talente-2023\/\">O nou\u0103 genera\u021bie de 30 de muzicieni \u0219i arti\u0219ti vizuali, sprijini\u021bi \u00een dezvoltarea carierei artistice prin programul Tinere Talente 2023<\/a><\/h5><p class=\"q_masonry_blog_excerpt\">Programul na\u021bional Tinere Talente, proiect derulat de Funda\u021bia Regal\u0103 Margareta a Rom\u00e2niei, are o nou\u0103 genera\u021bie de bursieri. 30 de tineri talenta\u021bi, proveni\u021bi din familii cu venituri modeste, au fost selecta\u021bi la categoriile muzic\u0103 \u0219i arte vizuale, pentru a face parte din edi\u021bia 2023 a......<\/p><div class=\"q_masonry_blog_post_info\"><span class=\"time\">08 February, 2023<\/span> \/ <a class=\"post_comments\" href=\"https:\/\/www.tineretalente.org\/index.php\/2023\/02\/08\/o-noua-generatie-de-30-de-muzicieni-si-artisti-vizuali-sprijiniti-in-dezvoltarea-carierei-artistice-prin-programul-tinere-talente-2023\/#respond\">No comment<\/a><\/div><\/div><\/article><article  class='post-19377 post type-post status-publish format-standard has-post-thumbnail hentry category-noutati '><div class=\"q_masonry_blog_post_image\"><a href=\"https:\/\/www.tineretalente.org\/index.php\/2023\/02\/06\/cu-sprijinul-kaufland-romania-fundatia-regala-margareta-a-romaniei-anunta-debutul-editiei-2023-a-programului-tinere-talente-si-numele-celor-30-de-noi-bursieri-la-categoria-muzica-si-arte-vizuale\/\" target=\"_self\"><img src=\"https:\/\/www.tineretalente.org\/wp-content\/uploads\/Untitled-design-16-2.png\" \/><\/a><\/div><div class=\"q_masonry_blog_post_text\"><h5 class=\"q_masonry_blog_title \"><a href=\"https:\/\/www.tineretalente.org\/index.php\/2023\/02\/06\/cu-sprijinul-kaufland-romania-fundatia-regala-margareta-a-romaniei-anunta-debutul-editiei-2023-a-programului-tinere-talente-si-numele-celor-30-de-noi-bursieri-la-categoria-muzica-si-arte-vizuale\/\">cu sprijinul kaufland romania, funda\u021bia regal\u0103 anun\u021b\u0103 lista noilor bursieri ai programului tinere talente 2023<\/a><\/h5><p class=\"q_masonry_blog_excerpt\">Depunerea dosarelor de candidatur\u0103 a avut loc \u00een luna noiembrie 2022. Procesul de selec\u021bie a constat \u00een analiza dosarelor depuse, selec\u021bia candida\u021bilor de c\u0103tre juriul de specialitate, proba interviurilor \u0219i anchete sociale. Evaluarea portofoliului de lucr\u0103ri, respectiv a performan\u021bei artistice de c\u0103tre un juriu de......<\/p><div class=\"q_masonry_blog_post_info\"><span class=\"time\">06 February, 2023<\/span> \/ <a class=\"post_comments\" href=\"https:\/\/www.tineretalente.org\/index.php\/2023\/02\/06\/cu-sprijinul-kaufland-romania-fundatia-regala-margareta-a-romaniei-anunta-debutul-editiei-2023-a-programului-tinere-talente-si-numele-celor-30-de-noi-bursieri-la-categoria-muzica-si-arte-vizuale\/#respond\">No comment<\/a><\/div><\/div><\/article><article  class='post-19358 post type-post status-publish format-standard has-post-thumbnail hentry category-noutati '><div class=\"q_masonry_blog_post_image\"><a href=\"https:\/\/www.tineretalente.org\/index.php\/2022\/12\/07\/perpetuum-muzica-clasica-transcende-timpul-un-spectacol-modern-bazat-pe-muzica-clasica-oferit-la-gala-tinere-talente-de-zoli-toth-si-bursierii-tinere-talente\/\" target=\"_self\"><img src=\"https:\/\/www.tineretalente.org\/wp-content\/uploads\/Gala-TT-1920x1080_vOK.png\" \/><\/a><\/div><div class=\"q_masonry_blog_post_text\"><h5 class=\"q_masonry_blog_title \"><a href=\"https:\/\/www.tineretalente.org\/index.php\/2022\/12\/07\/perpetuum-muzica-clasica-transcende-timpul-un-spectacol-modern-bazat-pe-muzica-clasica-oferit-la-gala-tinere-talente-de-zoli-toth-si-bursierii-tinere-talente\/\">Perpetuum: muzica clasic\u0103 transcende timpul. Un spectacol modern bazat pe muzic\u0103 clasic\u0103, oferit la Gala Tinere Talente de Zoli Toth \u0219i bursierii Tinere Talente<\/a><\/h5><p class=\"q_masonry_blog_excerpt\">Un concert modern, bazat pe muzic\u0103 clasic\u0103, este propus publicului de Funda\u021bia Regal\u0103 Margareta a Rom\u00e2niei \u00een cadrul celei de a 14-a edi\u021bii a Galei Tinere Talente de luni, 12 decembrie. Gala este un eveniment dedicat tinerilor muzicieni \u0219i arti\u0219ti vizuali, bursieri ai programului na\u021bional......<\/p><div class=\"q_masonry_blog_post_info\"><span class=\"time\">07 December, 2022<\/span> \/ <a class=\"post_comments\" href=\"https:\/\/www.tineretalente.org\/index.php\/2022\/12\/07\/perpetuum-muzica-clasica-transcende-timpul-un-spectacol-modern-bazat-pe-muzica-clasica-oferit-la-gala-tinere-talente-de-zoli-toth-si-bursierii-tinere-talente\/#respond\">No comment<\/a><\/div><\/div><\/article><article  class='post-19353 post type-post status-publish format-standard has-post-thumbnail hentry category-noutati '><div class=\"q_masonry_blog_post_image\"><a href=\"https:\/\/www.tineretalente.org\/index.php\/2022\/11\/21\/concert-senzorial-cu-lumina-stinsa-o-experienta-imersiva-si-un-exercitiu-de-empatie-prin-muzica-clasica-joi-24-noiembrie\/\" target=\"_self\"><img src=\"https:\/\/www.tineretalente.org\/wp-content\/uploads\/Vizual-Concert-Senzorial_pt-site.jpg\" \/><\/a><\/div><div class=\"q_masonry_blog_post_text\"><h5 class=\"q_masonry_blog_title \"><a href=\"https:\/\/www.tineretalente.org\/index.php\/2022\/11\/21\/concert-senzorial-cu-lumina-stinsa-o-experienta-imersiva-si-un-exercitiu-de-empatie-prin-muzica-clasica-joi-24-noiembrie\/\">Concert Senzorial cu lumina stins\u0103 \u2013 o experien\u021b\u0103 imersiv\u0103  \u0219i un exerci\u021biu de empatie prin muzic\u0103 clasic\u0103 &#8211;  joi, 24 noiembrie<\/a><\/h5><p class=\"q_masonry_blog_excerpt\">O sear\u0103 muzical\u0103 inedit\u0103, o experien\u021b\u0103 senzorial\u0103 exclusiv auditiv\u0103, este propus\u0103 publicului de Funda\u021bia Regal\u0103 Margareta a Rom\u00e2niei, \u00een parteneriat cu Universitatea Na\u0163ional\u0103 de Muzic\u0103 din Bucure\u015fti. Recitalul de muzic\u0103 clasic\u0103 cu lumina stins\u0103 pe scen\u0103 \u0219i \u00een sal\u0103 are loc joi, 24 noiembrie, \u00een......<\/p><div class=\"q_masonry_blog_post_info\"><span class=\"time\">21 November, 2022<\/span> \/ <a class=\"post_comments\" href=\"https:\/\/www.tineretalente.org\/index.php\/2022\/11\/21\/concert-senzorial-cu-lumina-stinsa-o-experienta-imersiva-si-un-exercitiu-de-empatie-prin-muzica-clasica-joi-24-noiembrie\/#respond\">No comment<\/a><\/div><\/div><\/article><article  class='post-19322 post type-post status-publish format-standard has-post-thumbnail hentry category-noutati '><div class=\"q_masonry_blog_post_image\"><a href=\"https:\/\/www.tineretalente.org\/index.php\/2022\/11\/02\/fundatia-regala-margareta-a-romaniei-lansam-selectia-nationala-pentru-bursele-tinere-talente-2023\/\" target=\"_self\"><img src=\"https:\/\/www.tineretalente.org\/wp-content\/uploads\/Vizual-4_Selectie-TT-2023.png\" \/><\/a><\/div><div class=\"q_masonry_blog_post_text\"><h5 class=\"q_masonry_blog_title \"><a href=\"https:\/\/www.tineretalente.org\/index.php\/2022\/11\/02\/fundatia-regala-margareta-a-romaniei-lansam-selectia-nationala-pentru-bursele-tinere-talente-2023\/\">Lans\u0103m selec\u021bia na\u021bional\u0103 pentru Bursele Tinere Talente 2023<\/a><\/h5><p class=\"q_masonry_blog_excerpt\">Funda\u021bia Regal\u0103 Margareta a Rom\u00e2niei lanseaz\u0103 selec\u021bia na\u021bional\u0103 pentru programul de burse Tinere Talente. Candida\u021bii pentru Bursele Tinere Talente 2023 trebuie s\u0103 \u00eendeplineasc\u0103 urm\u0103toarele criterii de eligibilitate: s\u0103 aib\u0103 v\u00e2rsta cuprins\u0103 \u00eentre 14 \u0219i 24 de ani s\u0103 studieze la liceele sau universit\u0103\u021bile de art\u0103......<\/p><div class=\"q_masonry_blog_post_info\"><span class=\"time\">02 November, 2022<\/span> \/ <a class=\"post_comments\" href=\"https:\/\/www.tineretalente.org\/index.php\/2022\/11\/02\/fundatia-regala-margareta-a-romaniei-lansam-selectia-nationala-pentru-bursele-tinere-talente-2023\/#respond\">No comment<\/a><\/div><\/div><\/article><article  class='post-19201 post type-post status-publish format-standard has-post-thumbnail hentry category-noutati '><div class=\"q_masonry_blog_post_image\"><a href=\"https:\/\/www.tineretalente.org\/index.php\/2022\/10\/26\/regal-muzical-la-ateneul-roman-in-sprijinul-tinerilor-talentati-ai-romaniei\/\" target=\"_self\"><img src=\"https:\/\/www.tineretalente.org\/wp-content\/uploads\/Familia-Regala_Loja-Regala-scaled.jpg\" \/><\/a><\/div><div class=\"q_masonry_blog_post_text\"><h5 class=\"q_masonry_blog_title \"><a href=\"https:\/\/www.tineretalente.org\/index.php\/2022\/10\/26\/regal-muzical-la-ateneul-roman-in-sprijinul-tinerilor-talentati-ai-romaniei\/\">Regal muzical la Ateneul Rom\u00e2n, \u00een sprijinul tinerilor talenta\u021bi ai Rom\u00e2niei<\/a><\/h5><p class=\"q_masonry_blog_excerpt\">Un public de 800 de persoane \u0219i personalit\u0103\u021bi culturale au participat la Concertul Regal caritabil Fonduri de 160.000 de euro au fost ob\u021binute din sponsoriz\u0103ri \u0219i bilete pentru bursele Tinere Talente O nou\u0103 selec\u021bie na\u021bional\u0103 a bursierilor pentru anul 2023 va fi lansat\u0103 luna viitoare......<\/p><div class=\"q_masonry_blog_post_info\"><span class=\"time\">26 October, 2022<\/span> \/ <a class=\"post_comments\" href=\"https:\/\/www.tineretalente.org\/index.php\/2022\/10\/26\/regal-muzical-la-ateneul-roman-in-sprijinul-tinerilor-talentati-ai-romaniei\/#respond\">No comment<\/a><\/div><\/div><\/article><article  class='post-19153 post type-post status-publish format-standard has-post-thumbnail hentry category-noutati '><div class=\"q_masonry_blog_post_image\"><a href=\"https:\/\/www.tineretalente.org\/index.php\/2022\/10\/11\/muzicieni-de-talie-internationala-intr-un-concert-regal-caritabil-pe-scena-ateneului-roman-in-sustinerea-tinerilor-talentati-ai-romaniei\/\" target=\"_self\"><img src=\"https:\/\/www.tineretalente.org\/wp-content\/uploads\/KV_landscape.png\" \/><\/a><\/div><div class=\"q_masonry_blog_post_text\"><h5 class=\"q_masonry_blog_title \"><a href=\"https:\/\/www.tineretalente.org\/index.php\/2022\/10\/11\/muzicieni-de-talie-internationala-intr-un-concert-regal-caritabil-pe-scena-ateneului-roman-in-sustinerea-tinerilor-talentati-ai-romaniei\/\">Muzicieni de talie interna\u021bional\u0103 \u00eentr-un Concert Regal caritabil pe scena Ateneului Rom\u00e2n, \u00een sus\u021binerea tinerilor talenta\u021bi ai Rom\u00e2niei<\/a><\/h5><p class=\"q_masonry_blog_excerpt\">Muzicieni rom\u00e2ni de talie interna\u021bional\u0103 \u2013 ambasadori ai programului na\u021bional Tinere Talente, derulat de Funda\u021bia Regal\u0103 Margareta a Rom\u00e2niei &#8211; se vor reuni la Bucure\u0219ti pentru a sus\u021bine un spectacol-eveniment dedicat str\u00e2ngerii de fonduri pentru acest program. Concertul Regal caritabil, aflat la cea de-a 13-a......<\/p><div class=\"q_masonry_blog_post_info\"><span class=\"time\">11 October, 2022<\/span> \/ <a class=\"post_comments\" href=\"https:\/\/www.tineretalente.org\/index.php\/2022\/10\/11\/muzicieni-de-talie-internationala-intr-un-concert-regal-caritabil-pe-scena-ateneului-roman-in-sustinerea-tinerilor-talentati-ai-romaniei\/#respond\">No comment<\/a><\/div><\/div><\/article><article  class='post-19014 post type-post status-publish format-standard has-post-thumbnail hentry category-noutati '><div class=\"q_masonry_blog_post_image\"><a href=\"https:\/\/www.tineretalente.org\/index.php\/2021\/12\/09\/rezultatele-bursierilor-programului-national-tinere-talente-editia-2021\/\" target=\"_self\"><img src=\"https:\/\/www.tineretalente.org\/wp-content\/uploads\/TINERE-TALENTE-2021-1200-x-500-px-scaled-1.jpg\" \/><\/a><\/div><div class=\"q_masonry_blog_post_text\"><h5 class=\"q_masonry_blog_title \"><a href=\"https:\/\/www.tineretalente.org\/index.php\/2021\/12\/09\/rezultatele-bursierilor-programului-national-tinere-talente-editia-2021\/\">Rezultatele bursierilor programului na\u021bional Tinere Talente, edi\u021bia 2021<\/a><\/h5><p class=\"q_masonry_blog_excerpt\">30 de tineri muzicieni \u0219i arti\u0219ti vizuali sunt mai aproape de o carier\u0103 artistic\u0103 de succes datorit\u0103 sus\u021binerii primite \u00een cadrul programului na\u021bional\u00a0Tinere Talente pe parcursul anului 2021.\u00a0Implementat de Funda\u021bia Regal\u0103 Margareta a Rom\u00e2niei, cu sus\u021binerea \u00eempreun\u0103 cu partenerilor Kaufland Rom\u00e2nia, Globalworth Foundation \u0219i altor......<\/p><div class=\"q_masonry_blog_post_info\"><span class=\"time\">09 December, 2021<\/span> \/ <a class=\"post_comments\" href=\"https:\/\/www.tineretalente.org\/index.php\/2021\/12\/09\/rezultatele-bursierilor-programului-national-tinere-talente-editia-2021\/#respond\">No comment<\/a><\/div><\/div><\/article><article  class='post-18954 post type-post status-publish format-standard has-post-thumbnail hentry category-noutati '><div class=\"q_masonry_blog_post_image\"><a href=\"https:\/\/www.tineretalente.org\/index.php\/2021\/11\/22\/cu-sprijinul-kaufland-romania-si-globalworth-fundatia-regala-margareta-a-romaniei-anunta-debutul-editiei-2022-a-programului-tinere-talente-si-numele-celor-30-de-noi-bursieri-la-categoria-muzica-si-ar\/\" target=\"_self\"><img src=\"https:\/\/www.tineretalente.org\/wp-content\/uploads\/vizual-site-TT-1.jpg\" \/><\/a><\/div><div class=\"q_masonry_blog_post_text\"><h5 class=\"q_masonry_blog_title \"><a href=\"https:\/\/www.tineretalente.org\/index.php\/2021\/11\/22\/cu-sprijinul-kaufland-romania-si-globalworth-fundatia-regala-margareta-a-romaniei-anunta-debutul-editiei-2022-a-programului-tinere-talente-si-numele-celor-30-de-noi-bursieri-la-categoria-muzica-si-ar\/\">Cu sprijinul Kaufland Romania \u0219i Globalworth, Funda\u021bia Regal\u0103 Margareta a Rom\u00e2niei anun\u021b\u0103 debutul edi\u021biei 2022 a programului Tinere Talente \u0219i numele celor 30 de noi bursieri la categoria muzic\u0103 \u0219i arte vizuale<\/a><\/h5><p class=\"q_masonry_blog_excerpt\">Depunerea dosarelor \u00a0de candidatur\u0103 a avut loc \u00een perioada septembrie-octombrie 2021. Procesul de selec\u021bie a constat \u00een analiza dosarelor depuse, selec\u021bia candida\u021bilor de c\u0103tre juriul de specialitate, interviuri on-line \u0219i anchete sociale. Evaluarea portofoliului de c\u0103tre un juriu de specialitate, compus din personalit\u0103\u021bi din mediul......<\/p><div class=\"q_masonry_blog_post_info\"><span class=\"time\">22 November, 2021<\/span> \/ <a class=\"post_comments\" href=\"https:\/\/www.tineretalente.org\/index.php\/2021\/11\/22\/cu-sprijinul-kaufland-romania-si-globalworth-fundatia-regala-margareta-a-romaniei-anunta-debutul-editiei-2022-a-programului-tinere-talente-si-numele-celor-30-de-noi-bursieri-la-categoria-muzica-si-ar\/#respond\">No comment<\/a><\/div><\/div><\/article><article  class='post-18946 post type-post status-publish format-standard has-post-thumbnail hentry category-noutati '><div class=\"q_masonry_blog_post_image\"><a href=\"https:\/\/www.tineretalente.org\/index.php\/2021\/11\/04\/fundatia-regala-margareta-a-romaniei-lanseaza-proiectul-tinere-talente-sustinerea-artistilor-si-profesionistilor-din-sectoarele-creative-si-culturale\/\" target=\"_self\"><img src=\"https:\/\/www.tineretalente.org\/wp-content\/uploads\/250589721_101860592304438_649900213999121871_n.jpg\" \/><\/a><\/div><div class=\"q_masonry_blog_post_text\"><h5 class=\"q_masonry_blog_title \"><a href=\"https:\/\/www.tineretalente.org\/index.php\/2021\/11\/04\/fundatia-regala-margareta-a-romaniei-lanseaza-proiectul-tinere-talente-sustinerea-artistilor-si-profesionistilor-din-sectoarele-creative-si-culturale\/\">Funda\u021bia Regal\u0103 Margareta a Rom\u00e2niei lanseaz\u0103 proiectul \u201eTinere Talente &#8211; Sus\u021binerea arti\u0219tilor \u0219i profesioni\u0219tilor din sectoarele creative \u0219i culturale\u201d<\/a><\/h5><p class=\"q_masonry_blog_excerpt\">Funda\u021bia Regal\u0103 Margareta a Rom\u00e2niei, \u00een calitate de promotor al proiectului \u201eTinere Talente &#8211; Sus\u021binerea arti\u0219tilor \u0219i profesioni\u0219tilor din sectoarele creative \u0219i culturale\u201d a organizat conferin\u021ba de lansare a acestuia. Evenimentul a avut loc on-line, pe 3 noiembrie, \u0219i s-a adresat profesioni\u0219tilor din domeniile creative......<\/p><div class=\"q_masonry_blog_post_info\"><span class=\"time\">04 November, 2021<\/span> \/ <a class=\"post_comments\" href=\"https:\/\/www.tineretalente.org\/index.php\/2021\/11\/04\/fundatia-regala-margareta-a-romaniei-lanseaza-proiectul-tinere-talente-sustinerea-artistilor-si-profesionistilor-din-sectoarele-creative-si-culturale\/#respond\">No comment<\/a><\/div><\/div><\/article><article  class='post-18941 post type-post status-publish format-standard has-post-thumbnail hentry category-noutati '><div class=\"q_masonry_blog_post_image\"><a href=\"https:\/\/www.tineretalente.org\/index.php\/2021\/10\/21\/campania-romania-are-nevoie-de-arta-continua\/\" target=\"_self\"><img src=\"https:\/\/www.tineretalente.org\/wp-content\/uploads\/vizual_final-04.png\" \/><\/a><\/div><div class=\"q_masonry_blog_post_text\"><h5 class=\"q_masonry_blog_title \"><a href=\"https:\/\/www.tineretalente.org\/index.php\/2021\/10\/21\/campania-romania-are-nevoie-de-arta-continua\/\">Campania Rom\u00e2nia are nevoie de art\u0103! continu\u0103<\/a><\/h5><p class=\"q_masonry_blog_excerpt\">Funda\u021bia Regal\u0103 Margareta a Rom\u00e2niei sus\u021bine tinerii talenta\u021bi prin campania Rom\u00e2nia are nevoie de art\u0103! Dona\u021biile prin SMS cu textul ART\u0102 la 8864 sprijin\u0103 bursele Tinere Talente 2021 Marcel Iure\u0219, Paula Selling, Zoli Toth, Tiberiu Soare se al\u0103tur\u0103 campaniei \u00cen Rom\u00e2nia, zeci de tineri talenta\u021bi......<\/p><div class=\"q_masonry_blog_post_info\"><span class=\"time\">21 October, 2021<\/span> \/ <a class=\"post_comments\" href=\"https:\/\/www.tineretalente.org\/index.php\/2021\/10\/21\/campania-romania-are-nevoie-de-arta-continua\/#respond\">No comment<\/a><\/div><\/div><\/article><article  class='post-18911 post type-post status-publish format-standard has-post-thumbnail hentry category-noutati '><div class=\"q_masonry_blog_post_image\"><a href=\"https:\/\/www.tineretalente.org\/index.php\/2021\/09\/21\/fundatia-regala-margareta-a-romaniei-lanseaza-o-noua-selectie-pentru-programul-de-burse-tinere-talente-editia-2022\/\" target=\"_self\"><img src=\"https:\/\/www.tineretalente.org\/wp-content\/uploads\/vizual-anunt-tt.jpg\" \/><\/a><\/div><div class=\"q_masonry_blog_post_text\"><h5 class=\"q_masonry_blog_title \"><a href=\"https:\/\/www.tineretalente.org\/index.php\/2021\/09\/21\/fundatia-regala-margareta-a-romaniei-lanseaza-o-noua-selectie-pentru-programul-de-burse-tinere-talente-editia-2022\/\">funda\u021bia regal\u0103 margareta a rom\u00e2niei lanseaz\u0103 o nou\u0103 selec\u021bie pentru programul de burse tinere talente edi\u021bia 2022<\/a><\/h5><p class=\"q_masonry_blog_excerpt\">...<\/p><div class=\"q_masonry_blog_post_info\"><span class=\"time\">21 September, 2021<\/span> \/ <a class=\"post_comments\" href=\"https:\/\/www.tineretalente.org\/index.php\/2021\/09\/21\/fundatia-regala-margareta-a-romaniei-lanseaza-o-noua-selectie-pentru-programul-de-burse-tinere-talente-editia-2022\/#respond\">No comment<\/a><\/div><\/div><\/article><article  class='post-18898 post type-post status-publish format-standard has-post-thumbnail hentry category-noutati '><div class=\"q_masonry_blog_post_image\"><a href=\"https:\/\/www.tineretalente.org\/index.php\/2021\/05\/10\/fundatia-regala-margareta-a-romaniei-s-a-alaturat-maratonului-de-vaccinare-prin-recitaluri-oferite-de-bursierii-programului-tinere-talente\/\" target=\"_self\"><img src=\"https:\/\/www.tineretalente.org\/wp-content\/uploads\/maraton.jpg\" \/><\/a><\/div><div class=\"q_masonry_blog_post_text\"><h5 class=\"q_masonry_blog_title \"><a href=\"https:\/\/www.tineretalente.org\/index.php\/2021\/05\/10\/fundatia-regala-margareta-a-romaniei-s-a-alaturat-maratonului-de-vaccinare-prin-recitaluri-oferite-de-bursierii-programului-tinere-talente\/\">Funda\u021bia Regal\u0103 Margareta a Rom\u00e2niei s-a al\u0103turat Maratonului de Vaccinare prin recitaluri oferite de bursierii programului Tinere Talente<\/a><\/h5><p class=\"q_masonry_blog_excerpt\">Funda\u021bia Regal\u0103 Margareta a Rom\u00e2niei s-a al\u0103turat institu\u021biilor culturale care au oferit momente artistice la Maratonul de Vaccinare din Bucure\u015fti. Astfel, muzicieni talenta\u021bi, bursieri ai programului\u00a0Tinere Talente, au fost prezen\u021bi la Sala Palatului, unul dintre centrele de vaccinare, pentru a oferi, prin muzica lor, sus\u021binere......<\/p><div class=\"q_masonry_blog_post_info\"><span class=\"time\">10 May, 2021<\/span> \/ <a class=\"post_comments\" href=\"https:\/\/www.tineretalente.org\/index.php\/2021\/05\/10\/fundatia-regala-margareta-a-romaniei-s-a-alaturat-maratonului-de-vaccinare-prin-recitaluri-oferite-de-bursierii-programului-tinere-talente\/#respond\">No comment<\/a><\/div><\/div><\/article><article  class='post-18895 post type-post status-publish format-standard has-post-thumbnail hentry category-noutati '><div class=\"q_masonry_blog_post_image\"><a href=\"https:\/\/www.tineretalente.org\/index.php\/2021\/05\/07\/jurnal-de-viata-expozitie-de-arte-vizuale-si-recitaluri-de-muzica-clasica-prezentate-in-mod-inedit-de-bursierii-tinere-talente\/\" target=\"_self\"><img src=\"https:\/\/www.tineretalente.org\/wp-content\/uploads\/recital-Tinere-talente-2021-1.jpg\" \/><\/a><\/div><div class=\"q_masonry_blog_post_text\"><h5 class=\"q_masonry_blog_title \"><a href=\"https:\/\/www.tineretalente.org\/index.php\/2021\/05\/07\/jurnal-de-viata-expozitie-de-arte-vizuale-si-recitaluri-de-muzica-clasica-prezentate-in-mod-inedit-de-bursierii-tinere-talente\/\">Jurnal de via\u021b\u0103, expozi\u021bie de arte vizuale \u0219i recitaluri de muzic\u0103 clasic\u0103 prezentate \u00een mod inedit de bursierii Tinere Talente<\/a><\/h5><p class=\"q_masonry_blog_excerpt\">\u00cen perioada 10 mai-20 iunie 2021, Funda\u021bia Regal\u0103 Margareta a Rom\u00e2niei \u00eempreun\u0103 cu Muzeul Municipiului Bucure\u0219ti prezint\u0103 publicului iubitor de art\u0103 un eveniment inedit &#8211; Jurnal de via\u021b\u0103, &#8211; o expozi\u021bie de arte vizuale \u00een aer liber \u0219i recitaluri oferite on-line de bursierii programului na\u021bional......<\/p><div class=\"q_masonry_blog_post_info\"><span class=\"time\">07 May, 2021<\/span> \/ <a class=\"post_comments\" href=\"https:\/\/www.tineretalente.org\/index.php\/2021\/05\/07\/jurnal-de-viata-expozitie-de-arte-vizuale-si-recitaluri-de-muzica-clasica-prezentate-in-mod-inedit-de-bursierii-tinere-talente\/#respond\">No comment<\/a><\/div><\/div><\/article><article  class='post-18772 post type-post status-publish format-standard has-post-thumbnail hentry category-noutati '><div class=\"q_masonry_blog_post_image\"><a href=\"https:\/\/www.tineretalente.org\/index.php\/2021\/03\/02\/30-de-tineri-talentati-muzicieni-si-artisti-vizuali-au-devenit-bursieri-ai-programului-national-tinere-talente-2021\/\" target=\"_self\"><img src=\"https:\/\/www.tineretalente.org\/wp-content\/uploads\/cello-110981_1920-1024x683.jpg\" \/><\/a><\/div><div class=\"q_masonry_blog_post_text\"><h5 class=\"q_masonry_blog_title \"><a href=\"https:\/\/www.tineretalente.org\/index.php\/2021\/03\/02\/30-de-tineri-talentati-muzicieni-si-artisti-vizuali-au-devenit-bursieri-ai-programului-national-tinere-talente-2021\/\">30 de tineri talenta\u021bi, muzicieni \u0219i arti\u0219ti vizuali, au devenit bursieri ai programului na\u021bional Tinere Talente 2021<\/a><\/h5><p class=\"q_masonry_blog_excerpt\">Funda\u021bia Regal\u0103 Margareta a Rom\u00e2niei anun\u021b\u0103 debutul edi\u021biei 2021 a programului Tinere Talente \u0219i numele celor 30 de noi bursieri la categoria muzic\u0103 \u0219i arte vizuale. Depunerea dosarelor de candidatur\u0103 a avut loc \u00een perioada noiembrie-decembrie 2020, c\u00e2nd 156 de tineri \u0219i-au exprimat inten\u021bia de......<\/p><div class=\"q_masonry_blog_post_info\"><span class=\"time\">02 March, 2021<\/span> \/ <a class=\"post_comments\" href=\"https:\/\/www.tineretalente.org\/index.php\/2021\/03\/02\/30-de-tineri-talentati-muzicieni-si-artisti-vizuali-au-devenit-bursieri-ai-programului-national-tinere-talente-2021\/#respond\">No comment<\/a><\/div><\/div><\/article><article  class='post-18764 post type-post status-publish format-standard has-post-thumbnail hentry category-noutati '><div class=\"q_masonry_blog_post_image\"><a href=\"https:\/\/www.tineretalente.org\/index.php\/2021\/02\/10\/platforma-educativa-tinere-talente-360-o-noua-resursa-destinata-elevilor-studentilor-si-profesorilor-din-licee-si-universitati-vocationale\/\" target=\"_self\"><img src=\"https:\/\/www.tineretalente.org\/wp-content\/uploads\/tt-ok.png\" \/><\/a><\/div><div class=\"q_masonry_blog_post_text\"><h5 class=\"q_masonry_blog_title \"><a href=\"https:\/\/www.tineretalente.org\/index.php\/2021\/02\/10\/platforma-educativa-tinere-talente-360-o-noua-resursa-destinata-elevilor-studentilor-si-profesorilor-din-licee-si-universitati-vocationale\/\">Platforma educativ\u0103 Tinere Talente 360 \u2013 o nou\u0103 resurs\u0103 destinat\u0103 elevilor, studen\u021bilor \u0219i profesorilor din licee \u0219i universit\u0103\u021bi voca\u021bionale<\/a><\/h5><p class=\"q_masonry_blog_excerpt\">Funda\u021bia Regal\u0103 Margareta a Rom\u00e2niei lanseaz\u0103 platforma tt360.ro, ca o component\u0103 a programului\u00a0Tinere Talente, cu scopul de furniza informa\u021bii utile \u0219i relevante pentru cei afla\u021bi la \u00eenceputului unei cariere artistice, elevi \u0219i studen\u021bi care studiaz\u0103 la licee sau universit\u0103\u021bi de art\u0103 \u0219i de muzic\u0103, la......<\/p><div class=\"q_masonry_blog_post_info\"><span class=\"time\">10 February, 2021<\/span> \/ <a class=\"post_comments\" href=\"https:\/\/www.tineretalente.org\/index.php\/2021\/02\/10\/platforma-educativa-tinere-talente-360-o-noua-resursa-destinata-elevilor-studentilor-si-profesorilor-din-licee-si-universitati-vocationale\/#respond\">No comment<\/a><\/div><\/div><\/article><article  class='post-18757 post type-post status-publish format-standard has-post-thumbnail hentry category-noutati '><div class=\"q_masonry_blog_post_image\"><a href=\"https:\/\/www.tineretalente.org\/index.php\/2021\/01\/12\/analiza-dosarelor-de-juriul-de-specialitate-tinere-talente-2021\/\" target=\"_self\"><img src=\"https:\/\/www.tineretalente.org\/wp-content\/uploads\/coperta-TT-selectie-site.jpg\" \/><\/a><\/div><div class=\"q_masonry_blog_post_text\"><h5 class=\"q_masonry_blog_title \"><a href=\"https:\/\/www.tineretalente.org\/index.php\/2021\/01\/12\/analiza-dosarelor-de-juriul-de-specialitate-tinere-talente-2021\/\">Analiza dosarelor de juriul de specialitate &#8211; Selec\u021bie Tinere Talente 2021<\/a><\/h5><p class=\"q_masonry_blog_excerpt\">Anul acesta am primit un num\u0103r de 153 de dosare la muzic\u0103 \u0219i arte vizuale. \u00cen prezent, juriul de specialitate analizeaz\u0103 dosarele. Urm\u0103toarele etape ale selec\u021biei sunt: Selec\u021bia candida\u021biilor analizat\u0103 de juriu Interviu online cu primii candida\u021bi clasa\u021bi Ancheta social\u0103 V\u0103 mul\u021bumim pentru \u00een\u021belegere!...<\/p><div class=\"q_masonry_blog_post_info\"><span class=\"time\">12 January, 2021<\/span> \/ <a class=\"post_comments\" href=\"https:\/\/www.tineretalente.org\/index.php\/2021\/01\/12\/analiza-dosarelor-de-juriul-de-specialitate-tinere-talente-2021\/#respond\">No comment<\/a><\/div><\/div><\/article><article  class='post-18740 post type-post status-publish format-standard has-post-thumbnail hentry category-noutati '><div class=\"q_masonry_blog_post_image\"><a href=\"https:\/\/www.tineretalente.org\/index.php\/2020\/11\/26\/gala-tinere-talente-editia-2020-emisiune-eveniment-dedicata-tinerilor-artisti-sustinuti-de-fundatia-regala-margareta-a-romaniei\/\" target=\"_self\"><img src=\"https:\/\/www.tineretalente.org\/wp-content\/uploads\/Afis-Gala-TT-Parteneri-si-sponsori.jpg\" \/><\/a><\/div><div class=\"q_masonry_blog_post_text\"><h5 class=\"q_masonry_blog_title \"><a href=\"https:\/\/www.tineretalente.org\/index.php\/2020\/11\/26\/gala-tinere-talente-editia-2020-emisiune-eveniment-dedicata-tinerilor-artisti-sustinuti-de-fundatia-regala-margareta-a-romaniei\/\">Gala Tinere Talente, edi\u021bia 2020 \u2013 emisiune eveniment dedicat\u0103 tinerilor arti\u0219ti  sus\u021binu\u021bi de Funda\u021bia Regal\u0103 Margareta a Rom\u00e2niei<\/a><\/h5><p class=\"q_masonry_blog_excerpt\">Funda\u021bia Regal\u0103 Margareta a Rom\u00e2niei organizeaz\u0103 Gala Tinere Talente edi\u021bia 2020, o emisiune-eveniment dedicat\u0103 tinerilor muzicieni \u0219i arti\u0219ti vizuali, bursieri ai programului Tinere Talente. Gala va fi difuzat\u0103 pe 30 noiembrie, \u00eencep\u00e2nd cu ora 21.00, la TVR3, \u0219i transmis\u0103 online pe TVR+ \u0219i pagina de......<\/p><div class=\"q_masonry_blog_post_info\"><span class=\"time\">26 November, 2020<\/span> \/ <a class=\"post_comments\" href=\"https:\/\/www.tineretalente.org\/index.php\/2020\/11\/26\/gala-tinere-talente-editia-2020-emisiune-eveniment-dedicata-tinerilor-artisti-sustinuti-de-fundatia-regala-margareta-a-romaniei\/#respond\">No comment<\/a><\/div><\/div><\/article><article  class='post-18725 post type-post status-publish format-standard has-post-thumbnail hentry category-noutati '><div class=\"q_masonry_blog_post_image\"><a href=\"https:\/\/www.tineretalente.org\/index.php\/2020\/11\/03\/fundatia-regala-margareta-a-romaniei-lanseaza-o-noua-selectie-pentru-programul-de-burse-tinere-talente-editia-2021\/\" target=\"_self\"><img src=\"https:\/\/www.tineretalente.org\/wp-content\/uploads\/Tinere-Talente-2021-si-parteneri-media.png\" \/><\/a><\/div><div class=\"q_masonry_blog_post_text\"><h5 class=\"q_masonry_blog_title \"><a href=\"https:\/\/www.tineretalente.org\/index.php\/2020\/11\/03\/fundatia-regala-margareta-a-romaniei-lanseaza-o-noua-selectie-pentru-programul-de-burse-tinere-talente-editia-2021\/\">Funda\u021bia Regal\u0103 Margareta a Rom\u00e2niei lanseaz\u0103 o nou\u0103 selec\u021bie pentru programul de Burse Tinere Talente edi\u021bia 2021<\/a><\/h5><p class=\"q_masonry_blog_excerpt\">Funda\u021bia Regal\u0103 Margareta a Rom\u00e2niei lanseaz\u0103 o nou\u0103 selec\u021bie pentru programul de Burse Tinere Talente edi\u021bia 2021, adresat\u0103 tinerilor muzicieni \u0219i arti\u0219ti vizuali. Termenul limit\u0103 al aplica\u021biei este 18 decembrie 2020. Candida\u021bii pentru Bursele Tinere Talente 2021 trebuie s\u0103 \u00eendeplineasc\u0103 urm\u0103toarele criterii de eligibilitate: s\u0103......<\/p><div class=\"q_masonry_blog_post_info\"><span class=\"time\">03 November, 2020<\/span> \/ <a class=\"post_comments\" href=\"https:\/\/www.tineretalente.org\/index.php\/2020\/11\/03\/fundatia-regala-margareta-a-romaniei-lanseaza-o-noua-selectie-pentru-programul-de-burse-tinere-talente-editia-2021\/#respond\">No comment<\/a><\/div><\/div><\/article><article  class='post-18709 post type-post status-publish format-standard has-post-thumbnail hentry category-noutati '><div class=\"q_masonry_blog_post_image\"><a href=\"https:\/\/www.tineretalente.org\/index.php\/2020\/10\/22\/pe-25-octombrie-in-ziua-traditionalului-concert-regal-caritabil-personalitati-de-elita-din-lumea-artei-si-a-muzicii-clasice-participa-in-campania-romania-are-nevoie-de-arta-dedicata-strangerii-de-f\/\" target=\"_self\"><img src=\"https:\/\/www.tineretalente.org\/wp-content\/uploads\/vizual_final-04.png\" \/><\/a><\/div><div class=\"q_masonry_blog_post_text\"><h5 class=\"q_masonry_blog_title \"><a href=\"https:\/\/www.tineretalente.org\/index.php\/2020\/10\/22\/pe-25-octombrie-in-ziua-traditionalului-concert-regal-caritabil-personalitati-de-elita-din-lumea-artei-si-a-muzicii-clasice-participa-in-campania-romania-are-nevoie-de-arta-dedicata-strangerii-de-f\/\">Pe 25 octombrie, \u00een ziua tradi\u021bionalului Concert Regal caritabil, personalit\u0103\u021bi de elit\u0103 din lumea artei \u0219i a muzicii clasice  particip\u0103 \u00een campania Rom\u00e2nia are nevoie de art\u0103 dedicat\u0103 str\u00e2ngerii de fonduri pentru burse oferite tinerilor arti\u0219ti rom\u00e2ni<\/a><\/h5><p class=\"q_masonry_blog_excerpt\">Bucure\u0219ti, 22 octombrie 2020 Pe 25 octombrie 2020, personalit\u0103\u021bi de renume din lumea din artei \u0219i a muzicii clasice se reunesc \u00een campania \u201eRom\u00e2nia are nevoie de art\u0103\u201d, ini\u021biat\u0103 de Funda\u021bia Regal\u0103 Margareta a Rom\u00e2niei pentru a mobiliza fondurile necesare sus\u021binerii programului na\u021bional Tinere Talente.......<\/p><div class=\"q_masonry_blog_post_info\"><span class=\"time\">22 October, 2020<\/span> \/ <a class=\"post_comments\" href=\"https:\/\/www.tineretalente.org\/index.php\/2020\/10\/22\/pe-25-octombrie-in-ziua-traditionalului-concert-regal-caritabil-personalitati-de-elita-din-lumea-artei-si-a-muzicii-clasice-participa-in-campania-romania-are-nevoie-de-arta-dedicata-strangerii-de-f\/#respond\">No comment<\/a><\/div><\/div><\/article><article  class='post-18544 post type-post status-publish format-standard has-post-thumbnail hentry category-noutati '><div class=\"q_masonry_blog_post_image\"><a href=\"https:\/\/www.tineretalente.org\/index.php\/2020\/02\/25\/bursele-tinere-talente-rezultate-selectie-2020\/\" target=\"_self\"><img src=\"https:\/\/www.tineretalente.org\/wp-content\/uploads\/Afis-Selectie-TT-2020.png\" \/><\/a><\/div><div class=\"q_masonry_blog_post_text\"><h5 class=\"q_masonry_blog_title \"><a href=\"https:\/\/www.tineretalente.org\/index.php\/2020\/02\/25\/bursele-tinere-talente-rezultate-selectie-2020\/\">Rezultatele selec\u021biei pentru programul Tinere Talente \u2013 edi\u021bia 2020<\/a><\/h5><p class=\"q_masonry_blog_excerpt\">Cea de-a 13-a edi\u021bie a programului na\u021bional Tinere Talente debuteaz\u0103 cu o nou\u0103 genera\u021bie de 30 de bursieri &#8211; muzicieni \u0219i arti\u0219ti vizuali. Programul Tinere Talente sus\u021bine \u0219i promoveaz\u0103 tineri arti\u0219ti talenta\u021bi din familii modeste, pentru ca ace\u0219tia s\u0103 aib\u0103 posibilitatea de a-\u0219i dezvolta poten\u021bialul......<\/p><div class=\"q_masonry_blog_post_info\"><span class=\"time\">25 February, 2020<\/span> \/ <a class=\"post_comments\" href=\"https:\/\/www.tineretalente.org\/index.php\/2020\/02\/25\/bursele-tinere-talente-rezultate-selectie-2020\/#respond\">No comment<\/a><\/div><\/div><\/article><article  class='post-18521 post type-post status-publish format-standard has-post-thumbnail hentry category-noutati '><div class=\"q_masonry_blog_post_image\"><a href=\"https:\/\/www.tineretalente.org\/index.php\/2019\/11\/21\/selectie-pentru-bursele-tinere-talente-2020\/\" target=\"_self\"><img src=\"https:\/\/www.tineretalente.org\/wp-content\/uploads\/Postare-FB.jpg\" \/><\/a><\/div><div class=\"q_masonry_blog_post_text\"><h5 class=\"q_masonry_blog_title \"><a href=\"https:\/\/www.tineretalente.org\/index.php\/2019\/11\/21\/selectie-pentru-bursele-tinere-talente-2020\/\">Selec\u021bie pentru bursele Tinere Talente 2020<\/a><\/h5><p class=\"q_masonry_blog_excerpt\">Funda\u021bia Regal\u0103 Margareta a Rom\u00e2niei lanseaz\u0103 o nou\u0103 selec\u021bie pentru programul na\u021bional Tinere Talente &#8211; edi\u021bia 2020, oferind 30 de burse tinerilor muzicieni \u0219i arti\u0219ti plastici, proveni\u021bi din familii cu venituri reduse. Termenul limit\u0103 al aplica\u021biei este data de\u00a018 decembrie 2019. Candida\u021bii pentru Bursele Tinere......<\/p><div class=\"q_masonry_blog_post_info\"><span class=\"time\">21 November, 2019<\/span> \/ <a class=\"post_comments\" href=\"https:\/\/www.tineretalente.org\/index.php\/2019\/11\/21\/selectie-pentru-bursele-tinere-talente-2020\/#respond\">No comment<\/a><\/div><\/div><\/article><article  class='post-18518 post type-post status-publish format-standard has-post-thumbnail hentry category-noutati '><div class=\"q_masonry_blog_post_image\"><a href=\"https:\/\/www.tineretalente.org\/index.php\/2019\/11\/21\/gala-tinere-talente-editia-2019-o-seara-dedicata-bursierilor-fundatiei-regale-margareta-a-romaniei\/\" target=\"_self\"><img src=\"https:\/\/www.tineretalente.org\/wp-content\/uploads\/ANG1345-.jpg\" \/><\/a><\/div><div class=\"q_masonry_blog_post_text\"><h5 class=\"q_masonry_blog_title \"><a href=\"https:\/\/www.tineretalente.org\/index.php\/2019\/11\/21\/gala-tinere-talente-editia-2019-o-seara-dedicata-bursierilor-fundatiei-regale-margareta-a-romaniei\/\">Gala Tinere Talente, edi\u021bia 2019 \u2013 o sear\u0103 dedicat\u0103 bursierilor Funda\u021biei Regale Margareta a Rom\u00e2niei<\/a><\/h5><p class=\"q_masonry_blog_excerpt\">Bucure\u0219ti, 19 noiembrie 2019 Luni, 18 noiembrie, la Teatrul Na\u021bional Bucure\u0219ti, a avut loc Gala Tinere Talente 2019, \u00een prezen\u021ba Majest\u0103\u021bii Sale Margareta, Custodele Coroanei rom\u00e2ne. Evenimentul anual este dedicat tinerilor muzicieni \u0219i arti\u0219ti vizuali, bursieri ai programului na\u021bional Tinere Talente desf\u0103\u0219urat de Funda\u021bia Regal\u0103......<\/p><div class=\"q_masonry_blog_post_info\"><span class=\"time\">21 November, 2019<\/span> \/ <a class=\"post_comments\" href=\"https:\/\/www.tineretalente.org\/index.php\/2019\/11\/21\/gala-tinere-talente-editia-2019-o-seara-dedicata-bursierilor-fundatiei-regale-margareta-a-romaniei\/#respond\">No comment<\/a><\/div><\/div><\/article><article  class='post-18198 post type-post status-publish format-standard has-post-thumbnail hentry category-noutati '><div class=\"q_masonry_blog_post_image\"><a href=\"https:\/\/www.tineretalente.org\/index.php\/2019\/04\/05\/masterclass-de-canto-sustinut-de-tenorul-teodor-ilincai\/\" target=\"_self\"><img src=\"https:\/\/www.tineretalente.org\/wp-content\/uploads\/Masterclass-6057.jpg\" \/><\/a><\/div><div class=\"q_masonry_blog_post_text\"><h5 class=\"q_masonry_blog_title \"><a href=\"https:\/\/www.tineretalente.org\/index.php\/2019\/04\/05\/masterclass-de-canto-sustinut-de-tenorul-teodor-ilincai\/\">Masterclass de canto sus\u021binut de tenorul Teodor Ilinc\u0103i<\/a><\/h5><p class=\"q_masonry_blog_excerpt\">Marele tenor, Teodor Ilinc\u0103i, a ales s\u0103 fie pentru prima dat\u0103 \u00een ipostaza de profesor, \u00een cadrul masterclass-ului de canto, organizat de Funda\u021bia Regal\u0103 Margareta a Rom\u00e2niei, \u00een perioada 18-21 martie. Cu o vast\u0103 experien\u021b\u0103 \u0219i cu un talent impresionant, Teodor Ilinc\u0103i le-a fost al\u0103turi......<\/p><div class=\"q_masonry_blog_post_info\"><span class=\"time\">05 April, 2019<\/span> \/ <a class=\"post_comments\" href=\"https:\/\/www.tineretalente.org\/index.php\/2019\/04\/05\/masterclass-de-canto-sustinut-de-tenorul-teodor-ilincai\/#respond\">No comment<\/a><\/div><\/div><\/article><article  class='post-18194 post type-post status-publish format-standard has-post-thumbnail hentry category-noutati '><div class=\"q_masonry_blog_post_image\"><a href=\"https:\/\/www.tineretalente.org\/index.php\/2019\/04\/01\/identitati-recital-si-expozitie-de-arte-vizuale-la-elite-art-gallery\/\" target=\"_self\"><img src=\"https:\/\/www.tineretalente.org\/wp-content\/uploads\/Identitati-70.jpg\" \/><\/a><\/div><div class=\"q_masonry_blog_post_text\"><h5 class=\"q_masonry_blog_title \"><a href=\"https:\/\/www.tineretalente.org\/index.php\/2019\/04\/01\/identitati-recital-si-expozitie-de-arte-vizuale-la-elite-art-gallery\/\">Identit\u0103\u021bi &#8211; Recital \u0219i expozi\u021bie de arte vizuale la Elite Art Gallery<\/a><\/h5><p class=\"q_masonry_blog_excerpt\">Tinerii arti\u0219ti, selecta\u021bi ca bursieri \u00een cadrul programul Tinere Talente al Funda\u021biei Regale Margareta a Rom\u00e2niei s-au prezentat publicului prin expozi\u021bia \u0219i recitalul Identit\u0103\u021bi, g\u0103zduite de Elite Art Gallery.\u00a0Arti\u0219tii vizuali au expus lucr\u0103ri din domeniile pictur\u0103, grafic\u0103, sculptur\u0103, ceramic\u0103 sau design vestimentar, pentru a transmite......<\/p><div class=\"q_masonry_blog_post_info\"><span class=\"time\">01 April, 2019<\/span> \/ <a class=\"post_comments\" href=\"https:\/\/www.tineretalente.org\/index.php\/2019\/04\/01\/identitati-recital-si-expozitie-de-arte-vizuale-la-elite-art-gallery\/#respond\">No comment<\/a><\/div><\/div><\/article><article  class='post-18181 post type-post status-publish format-standard has-post-thumbnail hentry category-noutati '><div class=\"q_masonry_blog_post_image\"><a href=\"https:\/\/www.tineretalente.org\/index.php\/2019\/03\/08\/canta-ti-povestea-este-indemnul-violonistului-bogdan-zvoristeanu-pentru-bursierii-prezenti-la-masterclass-ul-programului-tinere-talente\/\" target=\"_self\"><img src=\"https:\/\/www.tineretalente.org\/wp-content\/uploads\/Masterclass-vioara.jpg\" \/><\/a><\/div><div class=\"q_masonry_blog_post_text\"><h5 class=\"q_masonry_blog_title \"><a href=\"https:\/\/www.tineretalente.org\/index.php\/2019\/03\/08\/canta-ti-povestea-este-indemnul-violonistului-bogdan-zvoristeanu-pentru-bursierii-prezenti-la-masterclass-ul-programului-tinere-talente\/\">&#8220;C\u00e2nt\u0103-\u021bi povestea!\u201d este \u00eendemnul violonistului Bogdan Zvori\u0219teanu pentru bursierii prezen\u021bi la masterclass-ul programului Tinere Talente<\/a><\/h5><p class=\"q_masonry_blog_excerpt\">Luna martie a \u00eenceput cu un eveniment extrem de apreciat de tinerii violoni\u0219ti ai programului Tinere Talente. Maestrul Bogdan Zvori\u0219teanu, de\u0219i venit \u00een \u021bar\u0103 pentru o scurt\u0103 perioad\u0103 de timp, a ales s\u0103 le fie al\u0103turi bursierilor, cu sfaturi pre\u021bioase, cuvinte de \u00eencurajare \u0219i vaste......<\/p><div class=\"q_masonry_blog_post_info\"><span class=\"time\">08 March, 2019<\/span> \/ <a class=\"post_comments\" href=\"https:\/\/www.tineretalente.org\/index.php\/2019\/03\/08\/canta-ti-povestea-este-indemnul-violonistului-bogdan-zvoristeanu-pentru-bursierii-prezenti-la-masterclass-ul-programului-tinere-talente\/#respond\">No comment<\/a><\/div><\/div><\/article><article  class='post-18173 post type-post status-publish format-standard has-post-thumbnail hentry category-noutati '><div class=\"q_masonry_blog_post_image\"><a href=\"https:\/\/www.tineretalente.org\/index.php\/2019\/03\/04\/programul-tinere-talente-editia-2019-debuteaza-cu-un-mentorat-intergenerational-pentru-tinerii-artisti\/\" target=\"_self\"><img src=\"https:\/\/www.tineretalente.org\/wp-content\/uploads\/Tinere-Talente-Feb-2019-74-of-108-resized1.jpg\" \/><\/a><\/div><div class=\"q_masonry_blog_post_text\"><h5 class=\"q_masonry_blog_title \"><a href=\"https:\/\/www.tineretalente.org\/index.php\/2019\/03\/04\/programul-tinere-talente-editia-2019-debuteaza-cu-un-mentorat-intergenerational-pentru-tinerii-artisti\/\">Programul Tinere Talente &#8211; edi\u021bia 2019 debuteaz\u0103 cu un mentorat intergenera\u021bional pentru tinerii arti\u0219ti<\/a><\/h5><p class=\"q_masonry_blog_excerpt\">30 de tineri arti\u0219ti din toat\u0103 \u021bara vor beneficia \u0219i anul acesta de sprijin financiar de p\u00e2n\u0103 la 2000 euro, \u00eendrumare \u0219i promovare \u00een cadrul programului na\u021bional Tinere Talente, edi\u021bia 2019. Ace\u0219tia au trecut printr-un proces de selec\u021bie riguros, care a constat \u00een demonstrarea abilit\u0103\u021bilor......<\/p><div class=\"q_masonry_blog_post_info\"><span class=\"time\">04 March, 2019<\/span> \/ <a class=\"post_comments\" href=\"https:\/\/www.tineretalente.org\/index.php\/2019\/03\/04\/programul-tinere-talente-editia-2019-debuteaza-cu-un-mentorat-intergenerational-pentru-tinerii-artisti\/#respond\">No comment<\/a><\/div><\/div><\/article><article  class='post-18116 post type-post status-publish format-standard has-post-thumbnail hentry category-noutati '><div class=\"q_masonry_blog_post_image\"><a href=\"https:\/\/www.tineretalente.org\/index.php\/2018\/11\/26\/selectie-tinere-talente-2019\/\" target=\"_self\"><img src=\"https:\/\/www.tineretalente.org\/wp-content\/uploads\/selectie1.jpg\" \/><\/a><\/div><div class=\"q_masonry_blog_post_text\"><h5 class=\"q_masonry_blog_title \"><a href=\"https:\/\/www.tineretalente.org\/index.php\/2018\/11\/26\/selectie-tinere-talente-2019\/\">Selec\u021bie pentru Bursele Tinere Talente 2019<\/a><\/h5><p class=\"q_masonry_blog_excerpt\">\u00a0 &nbsp; Funda\u021bia Regal\u0103 Margareta a Rom\u00e2niei lanseaz\u0103 o nou\u0103 selec\u021bie pentru programul de Burse Tinere Talente edi\u021bia 2019, oferind 30 de burse tinerilor muzicieni \u0219i arti\u0219ti plastici, proveni\u021bi din familii cu venituri reduse. Termenul limit\u0103 al aplica\u021biei este data de 7 ianuarie 2019. Candida\u021bii......<\/p><div class=\"q_masonry_blog_post_info\"><span class=\"time\">26 November, 2018<\/span> \/ <a class=\"post_comments\" href=\"https:\/\/www.tineretalente.org\/index.php\/2018\/11\/26\/selectie-tinere-talente-2019\/#respond\">No comment<\/a><\/div><\/div><\/article><article  class='post-18113 post type-post status-publish format-standard has-post-thumbnail hentry category-noutati '><div class=\"q_masonry_blog_post_image\"><a href=\"https:\/\/www.tineretalente.org\/index.php\/2018\/11\/22\/gala-tinere-talente-2018\/\" target=\"_self\"><img src=\"https:\/\/www.tineretalente.org\/wp-content\/uploads\/Principesa-Maria-Gala-Tinere-Talente-TNB-19noi2018-18.jpg\" \/><\/a><\/div><div class=\"q_masonry_blog_post_text\"><h5 class=\"q_masonry_blog_title \"><a href=\"https:\/\/www.tineretalente.org\/index.php\/2018\/11\/22\/gala-tinere-talente-2018\/\">Gala Tinere Talente 2018<\/a><\/h5><p class=\"q_masonry_blog_excerpt\">Luni, 19 noiembrie, la Teatrul Na\u021bional Bucure\u0219ti, a avut loc Gala Tinere Talente 2018, \u00een prezen\u021ba Alte\u021bei Sale Regale Principesa Maria. Evenimentul anual este dedicat tinerilor muzicieni \u0219i arti\u0219ti vizuali, bursieri ai programului na\u021bional Tinere Talente, sus\u021binut de Funda\u021bia Regal\u0103 Margareta a Rom\u00e2niei. Gala a......<\/p><div class=\"q_masonry_blog_post_info\"><span class=\"time\">22 November, 2018<\/span> \/ <a class=\"post_comments\" href=\"https:\/\/www.tineretalente.org\/index.php\/2018\/11\/22\/gala-tinere-talente-2018\/#respond\">No comment<\/a><\/div><\/div><\/article><article  class='post-18106 post type-post status-publish format-standard has-post-thumbnail hentry category-noutati '><div class=\"q_masonry_blog_post_image\"><a href=\"https:\/\/www.tineretalente.org\/index.php\/2018\/11\/15\/arta-contemporana-la-uzina-dacia\/\" target=\"_self\"><img src=\"https:\/\/www.tineretalente.org\/wp-content\/uploads\/DSC_0602-e1542294302219.jpg\" \/><\/a><\/div><div class=\"q_masonry_blog_post_text\"><h5 class=\"q_masonry_blog_title \"><a href=\"https:\/\/www.tineretalente.org\/index.php\/2018\/11\/15\/arta-contemporana-la-uzina-dacia\/\">ART\u0102 CONTEMPORAN\u0102 LA UZINA DACIA<\/a><\/h5><p class=\"q_masonry_blog_excerpt\">SPECTACOL DE COMPOZI\u021aIE \u0218I CULOARE PE FA\u021aADA UNEIA DINTRE CL\u0102DIRI, CREAT DE BURSIERII PROGRAMULUI TINERE TALENTE Arta \u0219i industria \u0219i-au dat \u00eent\u00e2lnire la uzina Dacia de la Mioveni. Pe platforma industrial\u0103 a fost inaugurat\u0103 o pictur\u0103 mural\u0103 pe una dintre cl\u0103diri, \u00een proximitatea Uzinei Vehicule......<\/p><div class=\"q_masonry_blog_post_info\"><span class=\"time\">15 November, 2018<\/span> \/ <a class=\"post_comments\" href=\"https:\/\/www.tineretalente.org\/index.php\/2018\/11\/15\/arta-contemporana-la-uzina-dacia\/#respond\">No comment<\/a><\/div><\/div><\/article><article  class='post-18068 post type-post status-publish format-standard has-post-thumbnail hentry category-noutati '><div class=\"q_masonry_blog_post_image\"><a href=\"https:\/\/www.tineretalente.org\/index.php\/2018\/11\/01\/mentorat-cu-violonista-anna-tifu-si-dirijorul-constantin-adrian-grigore\/\" target=\"_self\"><img src=\"https:\/\/www.tineretalente.org\/wp-content\/uploads\/mentorat-anna-tifu.jpg\" \/><\/a><\/div><div class=\"q_masonry_blog_post_text\"><h5 class=\"q_masonry_blog_title \"><a href=\"https:\/\/www.tineretalente.org\/index.php\/2018\/11\/01\/mentorat-cu-violonista-anna-tifu-si-dirijorul-constantin-adrian-grigore\/\">Mentorat cu violonista Anna \u021aifu \u0219i dirijorul Constantin Adrian Grigore<\/a><\/h5><p class=\"q_masonry_blog_excerpt\">Bursierii programului Tinere Talente au avut ocazia s\u0103 participe la mentoratul sus\u021binut de violonista Anna \u021aifu \u0219i dirijorul Constantin Adrian Grigore, chiar a doua zi dup\u0103 Concertul Regal. Astfel, cei doi arti\u0219ti au putut \u00eemp\u0103rt\u0103\u0219i bursierilor din experien\u021ba avut\u0103 \u00een cadrul acestui eveniment, dar \u0219i......<\/p><div class=\"q_masonry_blog_post_info\"><span class=\"time\">01 November, 2018<\/span> \/ <a class=\"post_comments\" href=\"https:\/\/www.tineretalente.org\/index.php\/2018\/11\/01\/mentorat-cu-violonista-anna-tifu-si-dirijorul-constantin-adrian-grigore\/#respond\">No comment<\/a><\/div><\/div><\/article><article  class='post-18060 post type-post status-publish format-standard has-post-thumbnail hentry category-noutati '><div class=\"q_masonry_blog_post_image\"><a href=\"https:\/\/www.tineretalente.org\/index.php\/2018\/10\/11\/istoria-de-11-ani-a-concertului-regal-caritabil\/\" target=\"_self\"><img src=\"https:\/\/www.tineretalente.org\/wp-content\/uploads\/CONCERT-aniversar-Regel-Mihai-2011.jpg\" \/><\/a><\/div><div class=\"q_masonry_blog_post_text\"><h5 class=\"q_masonry_blog_title \"><a href=\"https:\/\/www.tineretalente.org\/index.php\/2018\/10\/11\/istoria-de-11-ani-a-concertului-regal-caritabil\/\">Istoria de 11 ani a Concertului Regal Caritabil<\/a><\/h5><p class=\"q_masonry_blog_excerpt\">\u201cNu\u00a0e de\u00a0ajuns ca o \u021bar\u0103 s\u0103 dea talente; ea trebuie\u00a0s\u0103\u00a0\u0219tie a le \u021bine vii.\u201d (Nicolae Iorga) \u00a0 Urm\u00e2nd tradi\u021bia \u00eenceput\u0103 de Carol I \u0219i de Regina Elisabeta prin funda\u021biile regale, continuat\u0103 apoi de Regina Maria \u0219i Carol II, Funda\u021bia Regal\u0103 Margareta a Rom\u00e2niei \u0219i-a asumat......<\/p><div class=\"q_masonry_blog_post_info\"><span class=\"time\">11 October, 2018<\/span> \/ <a class=\"post_comments\" href=\"https:\/\/www.tineretalente.org\/index.php\/2018\/10\/11\/istoria-de-11-ani-a-concertului-regal-caritabil\/#respond\">No comment<\/a><\/div><\/div><\/article><article  class='post-18040 post type-post status-publish format-standard has-post-thumbnail hentry category-noutati '><div class=\"q_masonry_blog_post_image\"><a href=\"https:\/\/www.tineretalente.org\/index.php\/2018\/07\/30\/masterclass-de-muzica-de-camera-cu-verona-maier\/\" target=\"_self\"><img src=\"https:\/\/www.tineretalente.org\/wp-content\/uploads\/38149362_700830060251182_6997557148972482560_n.jpg\" \/><\/a><\/div><div class=\"q_masonry_blog_post_text\"><h5 class=\"q_masonry_blog_title \"><a href=\"https:\/\/www.tineretalente.org\/index.php\/2018\/07\/30\/masterclass-de-muzica-de-camera-cu-verona-maier\/\">Masterclass de muzic\u0103 de camer\u0103 cu Verona Maier<\/a><\/h5><p class=\"q_masonry_blog_excerpt\">\u00cen perioada 20-24 Iulie a avut loc masteraclass-ul de muzic\u0103 de camer\u0103, sus\u021binut de Prof. Univ. Dr. Verona Maier,\u00a0 \u00een beneficiul bursierilor Tinere Talente. \u00cen cadrul acestuia, doamna Maier i-a invitat pe tinerii muzicieni c\u0103tre comunicare \u0219i colaborare, i-a \u00eendemnat s\u0103 priveasc\u0103 orele de curs......<\/p><div class=\"q_masonry_blog_post_info\"><span class=\"time\">30 July, 2018<\/span> \/ <a class=\"post_comments\" href=\"https:\/\/www.tineretalente.org\/index.php\/2018\/07\/30\/masterclass-de-muzica-de-camera-cu-verona-maier\/#respond\">No comment<\/a><\/div><\/div><\/article><article  class='post-17914 post type-post status-publish format-standard has-post-thumbnail hentry category-noutati '><div class=\"q_masonry_blog_post_image\"><a href=\"https:\/\/www.tineretalente.org\/index.php\/2018\/04\/19\/o-noua-generatie-de-bursieri-tinere-talente-s-a-prezentat-in-cadrul-evenimentului-identitati-expozitie-si-recital\/\" target=\"_self\"><img src=\"https:\/\/www.tineretalente.org\/wp-content\/uploads\/Foto-Experience-1146.jpg\" \/><\/a><\/div><div class=\"q_masonry_blog_post_text\"><h5 class=\"q_masonry_blog_title \"><a href=\"https:\/\/www.tineretalente.org\/index.php\/2018\/04\/19\/o-noua-generatie-de-bursieri-tinere-talente-s-a-prezentat-in-cadrul-evenimentului-identitati-expozitie-si-recital\/\">O nou\u0103 genera\u021bie de bursieri Tinere Talente s-a prezentat \u00een cadrul evenimentului IDENTIT\u0102\u0162I \u2013 expozi\u021bie \u0219i recital<\/a><\/h5><p class=\"q_masonry_blog_excerpt\">Tinerii arti\u0219ti, selecta\u021bi ca bursieri \u00een cadrul programul Tinere Talente al Funda\u021biei Principesa Margareta a Rom\u00e2niei, s-au prezentat ieri, prin expozi\u021bia \u0219i recitalul Identit\u0103\u021bi, g\u0103zduite la Elite Art Gallery. Expozi\u021bia \u201cIdentit\u0103\u021bi\u201d este deschis\u0103 publicului larg, \u00een cadrul Elite Art Gallery \u0219i este evenimentul de debut......<\/p><div class=\"q_masonry_blog_post_info\"><span class=\"time\">19 April, 2018<\/span> \/ <a class=\"post_comments\" href=\"https:\/\/www.tineretalente.org\/index.php\/2018\/04\/19\/o-noua-generatie-de-bursieri-tinere-talente-s-a-prezentat-in-cadrul-evenimentului-identitati-expozitie-si-recital\/#respond\">No comment<\/a><\/div><\/div><\/article><article  class='post-17902 post type-post status-publish format-standard has-post-thumbnail hentry category-noutati tag-arte-plastice tag-juriu tag-muzica tag-program-tinere-talente tag-rezultate-selectie '><div class=\"q_masonry_blog_post_image\"><a href=\"https:\/\/www.tineretalente.org\/index.php\/2018\/02\/19\/programul-tinere-talente-rezultatele-selectiei-2018\/\" target=\"_self\"><img src=\"https:\/\/www.tineretalente.org\/wp-content\/uploads\/Foto-Experience-1185.jpg\" \/><\/a><\/div><div class=\"q_masonry_blog_post_text\"><h5 class=\"q_masonry_blog_title \"><a href=\"https:\/\/www.tineretalente.org\/index.php\/2018\/02\/19\/programul-tinere-talente-rezultatele-selectiei-2018\/\">Programul Tinere Talente \u2013 rezultatele selec\u021biei 2018<\/a><\/h5><p class=\"q_masonry_blog_excerpt\">Funda\u021bia Regal\u0103 Margareta a Rom\u00e2niei d\u0103 startul celei de-a 11-a edi\u021bii a programului na\u021bional Tinere Talente, cu o nou\u0103 genera\u021bie de 30 de bursieri muzicieni \u0219i arti\u0219ti plastici. Programul Tinere Talente sus\u021bine \u0219i promoveaz\u0103 tineri arti\u0219ti talenta\u021bi din familii modeste, pentru ca ace\u0219tia s\u0103 aib\u0103......<\/p><div class=\"q_masonry_blog_post_info\"><span class=\"time\">19 February, 2018<\/span> \/ <a class=\"post_comments\" href=\"https:\/\/www.tineretalente.org\/index.php\/2018\/02\/19\/programul-tinere-talente-rezultatele-selectiei-2018\/#respond\">No comment<\/a><\/div><\/div><\/article><article  class='post-17892 post type-post status-publish format-standard has-post-thumbnail hentry category-noutati tag-burse tag-fpmr tag-mentorat tag-promovare tag-tinere-talente tag-tineri-artisti '><div class=\"q_masonry_blog_post_image\"><a href=\"https:\/\/www.tineretalente.org\/index.php\/2018\/02\/14\/programului-tinere-talente-36-de-tineri-artisti-romani-sustinuti-prin-burse-sesiuni-de-mentorat-si-promovare\/\" target=\"_self\"><img src=\"https:\/\/www.tineretalente.org\/wp-content\/uploads\/Orchestra-Fundatiei-Principesa-Margareta-a-Romaniei-la-Concertul-Regal.jpg\" \/><\/a><\/div><div class=\"q_masonry_blog_post_text\"><h5 class=\"q_masonry_blog_title \"><a href=\"https:\/\/www.tineretalente.org\/index.php\/2018\/02\/14\/programului-tinere-talente-36-de-tineri-artisti-romani-sustinuti-prin-burse-sesiuni-de-mentorat-si-promovare\/\">Programului \u201eTinere Talente\u201d &#8211; 36 de tineri arti\u015fti rom\u00e2ni, sus\u021binu\u021bi prin burse, sesiuni de mentorat \u015fi promovare<\/a><\/h5><p class=\"q_masonry_blog_excerpt\">Bucure\u0219ti, 13 februarie 2018 \u2013 36 de arti\u015fti plastici \u015fi muzicieni, elevi \u015fi studen\u021bi care studiaz\u0103 \u00een Bucure\u0219ti, Cluj Napoca, Craiova, Constan\u021ba, Ia\u0219i, Suceava, Oradea, T\u00eergu Mure\u0219 \u0219i Timi\u0219oara au primit din partea Funda\u021biei Principesa Margareta a Rom\u00e2niei sprijin const\u00e2nd \u00een burse, sesiuni de mentorat......<\/p><div class=\"q_masonry_blog_post_info\"><span class=\"time\">14 February, 2018<\/span> \/ <a class=\"post_comments\" href=\"https:\/\/www.tineretalente.org\/index.php\/2018\/02\/14\/programului-tinere-talente-36-de-tineri-artisti-romani-sustinuti-prin-burse-sesiuni-de-mentorat-si-promovare\/#respond\">No comment<\/a><\/div><\/div><\/article><article  class='post-17851 post type-post status-publish format-standard has-post-thumbnail hentry category-noutati tag-gala-tt-jazz-in-culori-fpmr-tnb '><div class=\"q_masonry_blog_post_image\"><a href=\"https:\/\/www.tineretalente.org\/index.php\/2017\/12\/06\/gala-tinere-talente-2017-jazz-in-culori\/\" target=\"_self\"><img src=\"https:\/\/www.tineretalente.org\/wp-content\/uploads\/23754643_545079772492879_8964567506894744453_n.jpg\" \/><\/a><\/div><div class=\"q_masonry_blog_post_text\"><h5 class=\"q_masonry_blog_title \"><a href=\"https:\/\/www.tineretalente.org\/index.php\/2017\/12\/06\/gala-tinere-talente-2017-jazz-in-culori\/\">Gala Tinere Talente 2017- Jazz \u00een culori<\/a><\/h5><p class=\"q_masonry_blog_excerpt\">\u00a0 \u00a0 \u00a0 \u00a0Anul acesta, Gala Tinere Talente 2017, concert ce are ca scop celebrarea \u00eencheierii unei genera\u021bii de bursieri,\u00a0s-a desf\u0103\u0219urat la\u00a0Teatrul Na\u021bional Bucure\u0219ti, Sala Pictura.\u00a0Alte\u021ba Sa Regal\u0103 Principesa Maria a onorat cu prezen\u021ba sa, oferind celor 36 bursieri ai Funda\u021biei Principesa Margareta a Rom\u00e2niei......<\/p><div class=\"q_masonry_blog_post_info\"><span class=\"time\">06 December, 2017<\/span> \/ <a class=\"post_comments\" href=\"https:\/\/www.tineretalente.org\/index.php\/2017\/12\/06\/gala-tinere-talente-2017-jazz-in-culori\/#respond\">No comment<\/a><\/div><\/div><\/article><article  class='post-17808 post type-post status-publish format-standard has-post-thumbnail hentry category-noutati tag-arta tag-bursieri tag-tabara-de-creatie tag-tinere-talente tag-workshop '><div class=\"q_masonry_blog_post_image\"><a href=\"https:\/\/www.tineretalente.org\/index.php\/2017\/09\/14\/tabara-de-creatie-2017\/\" target=\"_self\"><img src=\"https:\/\/www.tineretalente.org\/wp-content\/uploads\/21317621_512993305701526_3712853370164844785_n.jpg\" \/><\/a><\/div><div class=\"q_masonry_blog_post_text\"><h5 class=\"q_masonry_blog_title \"><a href=\"https:\/\/www.tineretalente.org\/index.php\/2017\/09\/14\/tabara-de-creatie-2017\/\">Tab\u0103ra de crea\u021bie 2017<\/a><\/h5><p class=\"q_masonry_blog_excerpt\">\u00cen perioada 25-30 August, tinerii bursieri ai Programului Tinere Talente s-au putut bucura de tab\u0103ra organizat\u0103 la Moeciu de Jos. Aceast\u0103 tab\u0103r\u0103 i-a ajutat pe tinerii arti\u0219ti s\u0103 descopere o lume captivant\u0103, oferindu-le oportunitatea de a lucra \u00eempreun\u0103, de a \u00eemp\u0103rt\u0103\u0219i idei \u0219i viziuni, priveli\u0219tea......<\/p><div class=\"q_masonry_blog_post_info\"><span class=\"time\">14 September, 2017<\/span> \/ <a class=\"post_comments\" href=\"https:\/\/www.tineretalente.org\/index.php\/2017\/09\/14\/tabara-de-creatie-2017\/#respond\">No comment<\/a><\/div><\/div><\/article><article  class='post-17760 post type-post status-publish format-standard has-post-thumbnail hentry category-noutati '><div class=\"q_masonry_blog_post_image\"><a href=\"https:\/\/www.tineretalente.org\/index.php\/2017\/06\/13\/tinere-talente-premiul-i-la-sectiunea-arta-si-cultura-gala-societatii-civile-2017\/\" target=\"_self\"><img src=\"https:\/\/www.tineretalente.org\/wp-content\/uploads\/Arta-si-Cultura_Tinere-Talente_I.png\" \/><\/a><\/div><div class=\"q_masonry_blog_post_text\"><h5 class=\"q_masonry_blog_title \"><a href=\"https:\/\/www.tineretalente.org\/index.php\/2017\/06\/13\/tinere-talente-premiul-i-la-sectiunea-arta-si-cultura-gala-societatii-civile-2017\/\">Tinere Talente \u2013 Premiul I la sec\u021biunea Art\u0103 \u0219i Cultur\u0103, Gala Societ\u0103\u021bii Civile 2017<\/a><\/h5><p class=\"q_masonry_blog_excerpt\">Bucure\u0219ti, 13 iunie 2017 &#8211; Proiectele derulate de Funda\u021bia Principesa Margareta au fost premiate la Gala Societ\u0103\u021bii Civile edi\u021bia 2017 &#8211; un valoros semn de recunoa\u0219tere a eforturilor echipei \u0219i a impactului acestor proiecte \u00een via\u021ba oamenilor. \u00cen cadrul festivit\u0103\u021bii de premiere care a avut......<\/p><div class=\"q_masonry_blog_post_info\"><span class=\"time\">13 June, 2017<\/span> \/ <a class=\"post_comments\" href=\"https:\/\/www.tineretalente.org\/index.php\/2017\/06\/13\/tinere-talente-premiul-i-la-sectiunea-arta-si-cultura-gala-societatii-civile-2017\/#respond\">No comment<\/a><\/div><\/div><\/article><article  class='post-17591 post type-post status-publish format-standard has-post-thumbnail hentry category-noutati tag-concurs tag-george-virban tag-martiniana-antonie tag-opera-grand-avingon tag-premii tag-tinere-talente '><div class=\"q_masonry_blog_post_image\"><a href=\"https:\/\/www.tineretalente.org\/index.php\/2016\/10\/20\/bursieri-premiati-la-concursul-international-de-canto-de-la-opera-grand-avingon\/\" target=\"_self\"><img src=\"https:\/\/www.tineretalente.org\/wp-content\/uploads\/14484858_345613912439467_3683721974832014326_n.jpg\" \/><\/a><\/div><div class=\"q_masonry_blog_post_text\"><h5 class=\"q_masonry_blog_title \"><a href=\"https:\/\/www.tineretalente.org\/index.php\/2016\/10\/20\/bursieri-premiati-la-concursul-international-de-canto-de-la-opera-grand-avingon\/\">Martiniana Antonie si George Virban, premiati la Concursul International de Canto de la Opera Grand Avingon<\/a><\/h5><p class=\"q_masonry_blog_excerpt\">O noua performanta a tinerilor sustinuti in programul Tinere Talente. Martiniana Antonie, bursiera Tinere Talente 2016 si George Virban, fost bursier Tinere Talente, care au castigat 2 dintre cele 6 premii oferite la Concursul International de Canto de la Opera Grand Avingon. In cele 3......<\/p><div class=\"q_masonry_blog_post_info\"><span class=\"time\">20 October, 2016<\/span> \/ <a class=\"post_comments\" href=\"https:\/\/www.tineretalente.org\/index.php\/2016\/10\/20\/bursieri-premiati-la-concursul-international-de-canto-de-la-opera-grand-avingon\/#respond\">No comment<\/a><\/div><\/div><\/article><article  class='post-17532 post type-post status-publish format-standard has-post-thumbnail hentry category-noutati tag-bursieri tag-sibiu tag-tabara-de-creatie tag-tinere-talente '><div class=\"q_masonry_blog_post_image\"><a href=\"https:\/\/www.tineretalente.org\/index.php\/2016\/09\/08\/tabara-de-creatie-2016\/\" target=\"_self\"><img src=\"https:\/\/www.tineretalente.org\/wp-content\/uploads\/2.4.Tinere-Talente-Tabara-august-2016.jpg\" \/><\/a><\/div><div class=\"q_masonry_blog_post_text\"><h5 class=\"q_masonry_blog_title \"><a href=\"https:\/\/www.tineretalente.org\/index.php\/2016\/09\/08\/tabara-de-creatie-2016\/\">Tabara de creatie 2016<\/a><\/h5><p class=\"q_masonry_blog_excerpt\">In perioada 8-15 august, la Rau Sadului, s-a desfasurat tabara de creatie organizata pentru bursierii Programului Tinere Talente. Tabara devine, in fiecare an, elementul de legatura intre artistii plastici si muzicieni. Este locul unde lucrul individual si mai ales de grup, ii invata sa comunice,......<\/p><div class=\"q_masonry_blog_post_info\"><span class=\"time\">08 September, 2016<\/span> \/ <a class=\"post_comments\" href=\"https:\/\/www.tineretalente.org\/index.php\/2016\/09\/08\/tabara-de-creatie-2016\/#respond\">No comment<\/a><\/div><\/div><\/article><article  class='post-17519 post type-post status-publish format-standard has-post-thumbnail hentry category-noutati tag-masterclass tag-tenor tag-tinere-talente tag-vasile-moldoveanu '><div class=\"q_masonry_blog_post_image\"><a href=\"https:\/\/www.tineretalente.org\/index.php\/2016\/07\/08\/masterclass-pentru-cei-mai-talentati-tineri-muzicieni-ai-romaniei-in-cadrul-programului-tinere-talente\/\" target=\"_self\"><img src=\"https:\/\/www.tineretalente.org\/wp-content\/uploads\/ANG0709.jpg\" \/><\/a><\/div><div class=\"q_masonry_blog_post_text\"><h5 class=\"q_masonry_blog_title \"><a href=\"https:\/\/www.tineretalente.org\/index.php\/2016\/07\/08\/masterclass-pentru-cei-mai-talentati-tineri-muzicieni-ai-romaniei-in-cadrul-programului-tinere-talente\/\">Masterclass pentru cei mai talenta\u021bi tineri muzicieni ai Rom\u00e2niei,  \u00een cadrul programului Tinere Talente<\/a><\/h5><p class=\"q_masonry_blog_excerpt\">Bucuresti 7 iulie &#8211; La Ateneul Rom\u00e2n, a debutat seria de masterclass-uri dedicate tinerilor muzicieni rom\u00e2ni de valoare, prin\u00a0\u00a0\u00a0cursul de m\u0103iestrie sus\u021binut de tenorul Vasile Moldoveanu. \u00cen perioada 7-14 iulie 2016 bursierii muzicieni din cadrul programului Tinere Talente precum \u0219i al\u021bi tineri muzicieni rom\u00e2ni cu......<\/p><div class=\"q_masonry_blog_post_info\"><span class=\"time\">08 July, 2016<\/span> \/ <a class=\"post_comments\" href=\"https:\/\/www.tineretalente.org\/index.php\/2016\/07\/08\/masterclass-pentru-cei-mai-talentati-tineri-muzicieni-ai-romaniei-in-cadrul-programului-tinere-talente\/#respond\">No comment<\/a><\/div><\/div><\/article><article  class='post-17510 post type-post status-publish format-standard has-post-thumbnail hentry category-noutati tag-bursieri tag-mentorat tag-tinere-talente '><div class=\"q_masonry_blog_post_image\"><a href=\"https:\/\/www.tineretalente.org\/index.php\/2016\/05\/04\/mentorat-tinere-talente\/\" target=\"_self\"><img src=\"https:\/\/www.tineretalente.org\/wp-content\/uploads\/13100706_272821699718689_6408416497671823937_n.jpg\" \/><\/a><\/div><div class=\"q_masonry_blog_post_text\"><h5 class=\"q_masonry_blog_title \"><a href=\"https:\/\/www.tineretalente.org\/index.php\/2016\/05\/04\/mentorat-tinere-talente\/\">Mentorat Tinere Talente<\/a><\/h5><p class=\"q_masonry_blog_excerpt\">Cel mai recent mentorat \u00een cadrul programului Tinere Talente i-a avut ca protagoni\u0219ti pe sculptorul Aurel Vlad \u0219i pe actri\u021ba Daniela Nane. Tinerii bursieri au avut ocazia s\u0103 interactioneze cu dou\u0103 personalit\u0103\u021bi importante, au pus \u00eentreb\u0103ri \u0219i au cules informa\u021bii. Mentor al programului Tinere Talente,......<\/p><div class=\"q_masonry_blog_post_info\"><span class=\"time\">04 May, 2016<\/span> \/ <a class=\"post_comments\" href=\"https:\/\/www.tineretalente.org\/index.php\/2016\/05\/04\/mentorat-tinere-talente\/#respond\">No comment<\/a><\/div><\/div><\/article><\/div>\n\t\t<\/div> \n\t<\/div> \n<\/div><\/div>\n","protected":false},"excerpt":{"rendered":"Cel mai recent mentorat \u00een cadrul programului Tinere Talente i-a avut ca protagoni\u0219ti pe sculptorul Aurel Vlad \u0219i pe actri\u021ba Daniela Nane. Tinerii bursieri au avut ocazia s\u0103 interactioneze cu dou\u0103 personalit\u0103\u021bi importante, au pus \u00eentreb\u0103ri \u0219i au cules informa\u021bii. Mentor al programului Tinere Talente,...","protected":false},"author":1,"featured_media":0,"parent":0,"menu_order":0,"comment_status":"closed","ping_status":"closed","template":"","meta":[],"_links":{"self":[{"href":"https:\/\/www.tineretalente.org\/index.php\/wp-json\/wp\/v2\/pages\/17109"}],"collection":[{"href":"https:\/\/www.tineretalente.org\/index.php\/wp-json\/wp\/v2\/pages"}],"about":[{"href":"https:\/\/www.tineretalente.org\/index.php\/wp-json\/wp\/v2\/types\/page"}],"author":[{"embeddable":true,"href":"https:\/\/www.tineretalente.org\/index.php\/wp-json\/wp\/v2\/users\/1"}],"replies":[{"embeddable":true,"href":"https:\/\/www.tineretalente.org\/index.php\/wp-json\/wp\/v2\/comments?post=17109"}],"version-history":[{"count":26,"href":"https:\/\/www.tineretalente.org\/index.php\/wp-json\/wp\/v2\/pages\/17109\/revisions"}],"predecessor-version":[{"id":19991,"href":"https:\/\/www.tineretalente.org\/index.php\/wp-json\/wp\/v2\/pages\/17109\/revisions\/19991"}],"wp:attachment":[{"href":"https:\/\/www.tineretalente.org\/index.php\/wp-json\/wp\/v2\/media?parent=17109"}],"curies":[{"name":"wp","href":"https:\/\/api.w.org\/{rel}","templated":true}]}}